{"id":5403,"date":"2026-03-03T14:37:29","date_gmt":"2026-03-03T18:37:29","guid":{"rendered":"https:\/\/www.softwareag.com\/?post_type=event&#038;p=5403"},"modified":"2026-03-20T16:43:36","modified_gmt":"2026-03-20T20:43:36","slug":"adabas-natural-tour-brasilia","status":"publish","type":"event","link":"https:\/\/www.softwareag.com\/br\/events\/adabas-natural-tour-brasilia\/","title":{"rendered":"Adabas &amp; Natural Tour 2026"},"content":{"rendered":"<section\n    class=\"o-event-single-hero alignfull eshb-no-img\"\n    style=\"\"\n>\n    \n    <div class=\"o-event-single-hero__inner alignwide\">\n        <div class=\"o-event-single-hero__inner-left\">\n            \n            <div class=\"o-event-single-hero__content\">\n                \n                <h1\n                    class=\"o-event-single-hero__title\"\n                >\n                    Adabas &amp; Natural Tour 2026\n                <\/h1>\n\n                                    <div class=\"o-event-single-hero__excerpt\">\n                        <p>Coquetel em Bras\u00edlia | das 18h00 \u00e0s 22h00<\/p>\n\n                    <\/div>\n                \n                                    <div class=\"datetime-synonyms\">\n                        <p class=\"datetime-synonyms__heading\">\n                            Datas e hor\u00e1rios\n                        <\/p>\n                                                    <div class=\"datetime-synonym shadow-2xl inset-ring inset-ring-1\">\n                                <div class=\"card-header\">\n                                    <p class=\"location\">\n                                        Hora Padr\u00e3o de Bras\u00edlia\n                                    <\/p>\n                                <\/div>\n                                <div class=\"card-footer\">\n                                    <span\n                                        class=\"material-symbols-outlined timezone-region-icon timezone-region-icon--south_america\"\n                                        title=\"South_america timezone\"\n                                        aria-hidden=\"true\"\n                                    >\n                                                                                    south_america\n                                                                            <\/span>\n                                    <p class=\"date-details\">\n                                        <span>\n                                            <time\n                                                datetime=\"2026-03-26T18:00:00-03:00\"\n                                                class=\"date\"\n                                            >\n                                                18h00\n                                            <\/time>\n                                            |\n                                        <\/span>\n                                        <span>\n                                            <time\n                                                datetime=\"2026-03-26T18:00:00-03:00\"\n                                                class=\"day-of-week\"\n                                            >\n                                                Quinta-feira\n                                            <\/time>\n                                            |\n                                        <\/span>\n                                        <span>\n                                            <time datetime=\"2026-03-26T18:00:00-03:00\">\n                                                26 de March de 2026\n                                            <\/time>\n                                        <\/span>\n                                    <\/p>\n                                <\/div>\n                            <\/div>\n                                            <\/div>\n                \n                                                        <div class=\"o-event-single-hero__meta\">\n                                                                                    <span class=\"m-card-event__venue\">\n                                                                            <span class=\"material-symbols-outlined\" aria-hidden=\"true\">\n                                            location_on\n                                        <\/span>\n                                                                        Brasil\n                                <\/span>\n                                                    \n                                                                                    <span class=\"m-card-event__type\">\n                                                                            <span class=\"material-symbols-outlined\" aria-hidden=\"true\">\n                                            groups\n                                        <\/span>\n                                                                        Presencial\n                                <\/span>\n                                                    \n                                            <\/div>\n                \n                                                    <div\n                        class=\"o-event-single-hero__deadline\"\n                        data-testid=\"sag-event-hero-deadline\"\n                    >\n                        <span class=\"material-symbols-outlined\" aria-hidden=\"true\">\n                            hourglass_disabled\n                        <\/span>\n                        Registration has ended\n                    <\/div>\n                            <\/div>\n        <\/div>\n\n            <\/div>\n<\/section>\n\n\n\n<div class=\"wp-block-columns alignwide is-layout-flex wp-container-core-columns-is-layout-b5dc9e86 wp-block-columns-is-layout-flex\" style=\"padding-top:var(--wp--preset--spacing--xxl)\">\n<div class=\"wp-block-column is-layout-flow wp-block-column-is-layout-flow\">\n<h6 class=\"wp-block-heading has-purple-color has-text-color has-link-color wp-elements-e7fad7b0762dc9186205957aecb105ef\" id=\"h-event-overline\" style=\"margin-top:var(--wp--preset--spacing--s);margin-bottom:var(--wp--preset--spacing--m)\">Informa\u00e7\u00f5es do evento<\/h6>\n\n\n\n<h3 class=\"wp-block-heading has-grande-font-size\" id=\"h-o-papel-das-aplicacoes-de-missao-critica-na-era-da-ia\" style=\"margin-top:0\">O papel das Aplica\u00e7\u00f5es de Miss\u00e3o Cr\u00edtica na Era da IA<\/h3>\n\n\n\n<p>Com a Intelig\u00eancia Artificial intensificando disrup\u00e7\u00f5es nos mercados e se tornando uma tecnologia indispens\u00e1vel na estrat\u00e9gia das organiza\u00e7\u00f5es, os l\u00edderes e especialistas de TI precisam estabelecer bases s\u00f3lidas para orquestrar conex\u00f5es inteligentes que ir\u00e3o proteger e amplificar o valor inestim\u00e1vel dos dados e l\u00f3gica de neg\u00f3cios contidos em seus sistemas de miss\u00e3o cr\u00edtica, parte integrante e fundamental para qualquer iniciativa de IA com impacto real para os neg\u00f3cios e a sociedade.<\/p>\n\n\n\n<p>Para pensar e discutir os diversos aspectos deste futuro dominado pela IA, venha se reunir com seus pares, especialistas e o time da Software AG. Iremos debater sobre aplica\u00e7\u00f5es pr\u00e1ticas e projetos reais, al\u00e9m de celebrar nossa parceria e compartilhar atualiza\u00e7\u00f5es em nossa estrat\u00e9gia de desenvolvimento e inova\u00e7\u00e3o da plataforma que voc\u00ea e sua organiza\u00e7\u00e3o confiam h\u00e1 d\u00e9cadas para executar suas aplica\u00e7\u00f5es de miss\u00e3o cr\u00edtica. Junte-se a n\u00f3s!<\/p>\n<\/div>\n\n\n\n<div class=\"wp-block-column is-layout-flow wp-block-column-is-layout-flow\">\n\n\n\n<div class=\"wp-block-group has-border-color has-gray-border-color has-global-padding is-layout-constrained wp-container-core-group-is-layout-d1294efb wp-block-group-is-layout-constrained\" style=\"border-width:1px;padding-top:var(--wp--preset--spacing--l);padding-right:var(--wp--preset--spacing--l);padding-bottom:var(--wp--preset--spacing--l);padding-left:var(--wp--preset--spacing--l)\"><section class=\"o-event-map alignwide\">\n      <h4>Local do Evento<\/h4>\n  \n      <p class=\"o-event-map__location-address\">Restaurante Almeria Beira Lago<\/p>\n  \n      <address class=\"o-event-map__address-details\"><p>SCES \u2013 Setor de Clubes Esportivos Sul, Asa Sul, Trecho 02, Lote 11 RA I<br>Estacionamento valet pago dispon\u00edvel no local.<br>Veja como chegar:<\/p><\/address>\n  \n      <div class=\"o-event-map__embed\">\n      <iframe src=\"https:\/\/www.google.com\/maps\/embed?pb=!1m18!1m12!1m3!1d15355.297002863666!2d-47.891024264674364!3d-15.813218411499069!2m3!1f0!2f0!3f0!3m2!1i1024!2i768!4f13.1!3m3!1m2!1s0x935a23fa2ba3d825%3A0x49ea78cfec5ae17c!2sAlmeria%20Restaurante!5e0!3m2!1spt-BR!2sbr!4v1771965235971!5m2!1spt-BR!2sbr%22\" width=\"100%\" height=\"300\" style=\"border:0\" allowfullscreen=\"\" loading=\"lazy\" referrerpolicy=\"no-referrer-when-downgrade\"><\/iframe>\n    <\/div>\n  <\/section>\n<\/div>\n\n\n\n\n    <div class=\"o-event-speakers\">\n        <h4>Palestrantes e Painelistas<\/h4>\n        <div class=\"o-event-speakers__wrapper\">\n                            <div class=\"o-event-speaker\">\n                    <div class=\"o-event-speaker__img\">\n                                                    <a href=\"https:\/\/www.softwareag.com\/br\/contributors\/luciano-pimenta\/\" title=\"Luciano Pimenta\">\n                                <img decoding=\"async\"\n                                    src=\"https:\/\/www.softwareag.com\/app\/uploads\/2026\/02\/Foto_LucianoPimenta_SoftwareAG-300x300.jpg\"\n                                    alt=\"Luciano Pimenta\"\/>\n                            <\/a>\n                                            <\/div>\n                    <div class=\"o-event-speaker__meta\">\n                                                    <a href=\"https:\/\/www.softwareag.com\/br\/contributors\/luciano-pimenta\/\" title=\"Luciano Pimenta\">\n                                <p class=\"o-event-speaker__meta-name\">Luciano Pimenta\n                                                                    <\/p>\n\n\n                                                                    <p class=\"o-event-speaker__meta-title\">Vice-presidente Global de Solu\u00e7\u00f5es<\/p>\n                                                                                                    <p class=\"o-event-speaker__meta-company\">Software AG<\/p>\n                                \n                            <\/a>\n                                                                            <a href=\"https:\/\/www.linkedin.com\/in\/luciano-pimenta-898a096\/\" title=\"LinkedIn for Luciano Pimenta\">\n                                <svg width=\"11\" height=\"11\" viewbox=\"0 0 11 11\" fill=\"none\"\n                                     xmlns=\"http:\/\/www.w3.org\/2000\/svg\">\n                                    <path\n                                        d=\"M9.75 0C10.1484 0 10.5 0.351562 10.5 0.773438V9.75C10.5 10.1719 10.1484 10.5 9.75 10.5H0.726562C0.328125 10.5 0 10.1719 0 9.75V0.773438C0 0.351562 0.328125 0 0.726562 0H9.75ZM3.16406 9V4.00781H1.61719V9H3.16406ZM2.39062 3.30469C2.88281 3.30469 3.28125 2.90625 3.28125 2.41406C3.28125 1.92188 2.88281 1.5 2.39062 1.5C1.875 1.5 1.47656 1.92188 1.47656 2.41406C1.47656 2.90625 1.875 3.30469 2.39062 3.30469ZM9 9V6.25781C9 4.92188 8.69531 3.86719 7.125 3.86719C6.375 3.86719 5.85938 4.28906 5.64844 4.6875H5.625V4.00781H4.14844V9H5.69531V6.53906C5.69531 5.88281 5.8125 5.25 6.63281 5.25C7.42969 5.25 7.42969 6 7.42969 6.5625V9H9Z\"\n                                        fill=\"#058192\"\/>\n                                <\/svg>\n                            <\/a>\n                                            <\/div>\n                <\/div>\n                            <div class=\"o-event-speaker\">\n                    <div class=\"o-event-speaker__img\">\n                                                    <a href=\"https:\/\/www.softwareag.com\/br\/contributors\/alexandre-almeida\/\" title=\"Alexandre Almeida\">\n                                <img decoding=\"async\"\n                                    src=\"https:\/\/www.softwareag.com\/app\/uploads\/2026\/02\/Foto_AlexandreAlmeida_SoftwareAG-300x300.jpg\"\n                                    alt=\"Alexandre Almeida\"\/>\n                            <\/a>\n                                            <\/div>\n                    <div class=\"o-event-speaker__meta\">\n                                                    <a href=\"https:\/\/www.softwareag.com\/br\/contributors\/alexandre-almeida\/\" title=\"Alexandre Almeida\">\n                                <p class=\"o-event-speaker__meta-name\">Alexandre Almeida\n                                                                    <\/p>\n\n\n                                                                    <p class=\"o-event-speaker__meta-title\">Consultor S\u00eanior de Solu\u00e7\u00f5es<\/p>\n                                                                                                    <p class=\"o-event-speaker__meta-company\">Software AG<\/p>\n                                \n                            <\/a>\n                                                                            <a href=\"https:\/\/www.linkedin.com\/in\/alexandre-almeida-95978b\/\" title=\"LinkedIn for Alexandre Almeida\">\n                                <svg width=\"11\" height=\"11\" viewbox=\"0 0 11 11\" fill=\"none\"\n                                     xmlns=\"http:\/\/www.w3.org\/2000\/svg\">\n                                    <path\n                                        d=\"M9.75 0C10.1484 0 10.5 0.351562 10.5 0.773438V9.75C10.5 10.1719 10.1484 10.5 9.75 10.5H0.726562C0.328125 10.5 0 10.1719 0 9.75V0.773438C0 0.351562 0.328125 0 0.726562 0H9.75ZM3.16406 9V4.00781H1.61719V9H3.16406ZM2.39062 3.30469C2.88281 3.30469 3.28125 2.90625 3.28125 2.41406C3.28125 1.92188 2.88281 1.5 2.39062 1.5C1.875 1.5 1.47656 1.92188 1.47656 2.41406C1.47656 2.90625 1.875 3.30469 2.39062 3.30469ZM9 9V6.25781C9 4.92188 8.69531 3.86719 7.125 3.86719C6.375 3.86719 5.85938 4.28906 5.64844 4.6875H5.625V4.00781H4.14844V9H5.69531V6.53906C5.69531 5.88281 5.8125 5.25 6.63281 5.25C7.42969 5.25 7.42969 6 7.42969 6.5625V9H9Z\"\n                                        fill=\"#058192\"\/>\n                                <\/svg>\n                            <\/a>\n                                            <\/div>\n                <\/div>\n                            <div class=\"o-event-speaker\">\n                    <div class=\"o-event-speaker__img\">\n                                                    <a href=\"https:\/\/www.softwareag.com\/br\/contributors\/anderson-rocha\/\" title=\"Anderson Rocha\">\n                                <img decoding=\"async\"\n                                    src=\"https:\/\/www.softwareag.com\/app\/uploads\/2026\/03\/Anderson-Rocha-PhD-e1772733388403-300x281.jpg\"\n                                    alt=\"Anderson Rocha\"\/>\n                            <\/a>\n                                            <\/div>\n                    <div class=\"o-event-speaker__meta\">\n                                                    <a href=\"https:\/\/www.softwareag.com\/br\/contributors\/anderson-rocha\/\" title=\"Anderson Rocha\">\n                                <p class=\"o-event-speaker__meta-name\">Anderson Rocha\n                                                                            <i>Ph.D.<\/i>\n                                                                    <\/p>\n\n\n                                                                    <p class=\"o-event-speaker__meta-title\">Head, Artificial Intelligence Lab., Recod.ai\/Professor e Pesquisador<\/p>\n                                                                                                    <p class=\"o-event-speaker__meta-company\">Recod.ai\/UNICAMP<\/p>\n                                \n                            <\/a>\n                                                                    <\/div>\n                <\/div>\n                            <div class=\"o-event-speaker\">\n                    <div class=\"o-event-speaker__img\">\n                                                    <a href=\"https:\/\/www.softwareag.com\/br\/contributors\/carlos-rodrigo-fonseca-lima\/\" title=\"Carlos Rodrigo Fonseca Lima\">\n                                <img decoding=\"async\"\n                                    src=\"https:\/\/www.softwareag.com\/app\/uploads\/2026\/03\/Foto_CarlosRodrigoLima_SERPRO-scaled-e1772735272700-300x298.jpg\"\n                                    alt=\"Carlos Rodrigo Fonseca Lima\"\/>\n                            <\/a>\n                                            <\/div>\n                    <div class=\"o-event-speaker__meta\">\n                                                    <a href=\"https:\/\/www.softwareag.com\/br\/contributors\/carlos-rodrigo-fonseca-lima\/\" title=\"Carlos Rodrigo Fonseca Lima\">\n                                <p class=\"o-event-speaker__meta-name\">Carlos Rodrigo Fonseca Lima\n                                                                    <\/p>\n\n\n                                                                    <p class=\"o-event-speaker__meta-title\">Gerente do Centro de Excel\u00eancia em Ci\u00eancia de Dados e Intelig\u00eancia Artificial<\/p>\n                                                                                                    <p class=\"o-event-speaker__meta-company\">SERPRO<\/p>\n                                \n                            <\/a>\n                                                                            <a href=\"https:\/\/www.linkedin.com\/in\/carlos-rodrigo-fonseca-lima-a7b6b0107\/\" title=\"LinkedIn for Carlos Rodrigo Fonseca Lima\">\n                                <svg width=\"11\" height=\"11\" viewbox=\"0 0 11 11\" fill=\"none\"\n                                     xmlns=\"http:\/\/www.w3.org\/2000\/svg\">\n                                    <path\n                                        d=\"M9.75 0C10.1484 0 10.5 0.351562 10.5 0.773438V9.75C10.5 10.1719 10.1484 10.5 9.75 10.5H0.726562C0.328125 10.5 0 10.1719 0 9.75V0.773438C0 0.351562 0.328125 0 0.726562 0H9.75ZM3.16406 9V4.00781H1.61719V9H3.16406ZM2.39062 3.30469C2.88281 3.30469 3.28125 2.90625 3.28125 2.41406C3.28125 1.92188 2.88281 1.5 2.39062 1.5C1.875 1.5 1.47656 1.92188 1.47656 2.41406C1.47656 2.90625 1.875 3.30469 2.39062 3.30469ZM9 9V6.25781C9 4.92188 8.69531 3.86719 7.125 3.86719C6.375 3.86719 5.85938 4.28906 5.64844 4.6875H5.625V4.00781H4.14844V9H5.69531V6.53906C5.69531 5.88281 5.8125 5.25 6.63281 5.25C7.42969 5.25 7.42969 6 7.42969 6.5625V9H9Z\"\n                                        fill=\"#058192\"\/>\n                                <\/svg>\n                            <\/a>\n                                            <\/div>\n                <\/div>\n                    <\/div>\n    <\/div>\n<\/div>\n<\/div>\n\n\n\n<div class=\"wp-block-columns alignwide is-layout-flex wp-container-core-columns-is-layout-b5dc9e86 wp-block-columns-is-layout-flex\" style=\"padding-top:var(--wp--preset--spacing--xxl)\">\n<div class=\"wp-block-column is-layout-flow wp-block-column-is-layout-flow\">\n<div class=\"o-event-agenda\">\n                        <div class=\"o-event-agenda__day\">\n                <h6>26 de March<\/h6>\n                <h4>Quinta-feira<\/h4>\n\n                                    <div class=\"o-event-agenda__day-intro\">\n                        Compartilhamos uma vis\u00e3o geral de nosso encontro. Mais detalhes ser\u00e3o adicionados em breve. A agenda est\u00e1 sujeita a pequenos ajustes.\n                    <\/div>\n                \n                <hr class=\"wp-block-separator has-alpha-channel-opacity is-style-wide\" \/>\n\n                \n                <div class=\"o-event-agenda__day-schedule\">\n                                                                        <div class=\"o-event-agenda__times\">\n                                <time datetime=\"18:00:00\">\n                                    18h00\n                                <\/time>                            <\/div>\n                                                <div>\n                                                            <p class=\"agenda-session-title\">\n                                    <span class=\"agenda-session-title__text\">\n                                        Credenciamento e coquetel de boas-vindas\n                                    <\/span>\n                                <\/p>\n                                                                                    <\/div>\n                                                                        <div class=\"o-event-agenda__times\">\n                                <time datetime=\"18:30:00\">\n                                    18h30\n                                <\/time>                            <\/div>\n                                                <div>\n                                                            <p class=\"agenda-session-title\">\n                                    <span class=\"agenda-session-title__text\">\n                                        Boas-vindas com Marcelo Bergamo, Vice-presidente da Software AG para Am\u00e9rica Latina \n                                    <\/span>\n                                <\/p>\n                                                                                    <\/div>\n                                                                        <div class=\"o-event-agenda__times\">\n                                <time datetime=\"18:40:00\">\n                                    18h40\n                                <\/time>                            <\/div>\n                                                <div>\n                                                            <p class=\"agenda-session-title\">\n                                    <span class=\"agenda-session-title__text\">\n                                        O caminho adiante: atualiza\u00e7\u00f5es no roadmap de solu\u00e7\u00f5es Software AG e agenda \u201cAdabas &#038; Natural 2050+\u201d\n                                    <\/span>\n                                <\/p>\n                                                                                    <\/div>\n                                                                        <div class=\"o-event-agenda__times\">\n                                <time datetime=\"19:20:00\">\n                                    19h20\n                                <\/time>                            <\/div>\n                                                <div>\n                                                            <p class=\"agenda-session-title\">\n                                    <span class=\"agenda-session-title__text\">\n                                        Destravando o potencial da IA com Integra\u00e7\u00e3o de Dados de sistemas legados\n                                    <\/span>\n                                <\/p>\n                                                                                    <\/div>\n                                                                        <div class=\"o-event-agenda__times\">\n                                <time datetime=\"20:00:00\">\n                                    20h00\n                                <\/time>                            <\/div>\n                                                <div>\n                                                            <p class=\"agenda-session-title\">\n                                    <span class=\"agenda-session-title__text\">\n                                        Painel de debate: Desafios e oportunidades para atender \u00e0s demandas da sociedade em um futuro impulsionado pela IA\n                                    <\/span>\n                                <\/p>\n                                                                                    <\/div>\n                                                                        <div class=\"o-event-agenda__times\">\n                                <time datetime=\"20:45:00\">\n                                    20h45\n                                <\/time>                            <\/div>\n                                                <div>\n                                                            <p class=\"agenda-session-title\">\n                                    <span class=\"agenda-session-title__text\">\n                                        Perguntas &#038; respostas, considera\u00e7\u00f5es finais e continua\u00e7\u00e3o do coquetel\n                                    <\/span>\n                                <\/p>\n                                                                                    <\/div>\n                                                                        <div class=\"o-event-agenda__times\">\n                                <time datetime=\"22:00:00\">\n                                    22h00\n                                <\/time>                            <\/div>\n                                                <div>\n                                                            <p class=\"agenda-session-title\">\n                                    <span class=\"agenda-session-title__text\">\n                                        Encerramento\n                                    <\/span>\n                                <\/p>\n                                                                                    <\/div>\n                                    <\/div>\n            <\/div>\n            <\/div>\n<\/div>\n<\/div>\n\n\n\n<div class=\"wp-block-group alignfull has-global-padding is-layout-constrained wp-block-group-is-layout-constrained\" style=\"padding-top:var(--wp--preset--spacing--xl);padding-bottom:var(--wp--preset--spacing--xxl)\">\n<h2 class=\"wp-block-heading has-text-align-center\" id=\"h-o-que-esperar-do-evento\" style=\"font-style:normal;font-weight:700\">O que esperar do evento<\/h2>\n\n\n\n<div class=\"wp-block-media-text alignfull has-media-on-the-right is-stacked-on-mobile\"><div class=\"wp-block-media-text__content\">\n<h6 class=\"wp-block-heading has-purple-color has-text-color has-link-color wp-elements-c2c9459c2f1dd3fce048993d481a81ab\" id=\"h-novidades-em-primeira-mao\" style=\"margin-top:0;margin-bottom:var(--wp--preset--spacing--s)\">Novidades em primeira m\u00e3o<\/h6>\n\n\n\n<figure class=\"wp-block-image size-large\"><img decoding=\"async\" src=\"\/app\/uploads\/2025\/12\/featured-bubbles.svg\" alt=\"bubbles icon\" class=\"wp-image-4555\"\/><\/figure>\n\n\n\n<p>Voc\u00ea ter\u00e1 contato direto com quem trabalha lado a lado com nossas equipes globais de Pesquisa &amp; Desenvolvimento e de Gest\u00e3o de Produto. Tenha acesso antecipado \u00e0 detalhes sobre desenvolvimentos em nosso portf\u00f3lio de solu\u00e7\u00f5es que ser\u00e3o oficialmente anunciados no release de outubro. Compartilhe sugest\u00f5es.<\/p>\n\n\n\n<ul class=\"wp-block-list is-style-checkmarks is-style-checkmarks--1\">\n<li><\/li>\n<\/ul>\n<\/div><figure class=\"wp-block-media-text__media\"><img loading=\"lazy\" decoding=\"async\" width=\"800\" height=\"450\" src=\"https:\/\/www.softwareag.com\/app\/uploads\/2026\/02\/DSC09233.jpg\" alt=\"Guido Falkenberg speaking in front of a blue slide with an image of computer hardware at a Software AG event. \" class=\"wp-image-5525 size-full\" srcset=\"https:\/\/www.softwareag.com\/app\/uploads\/2026\/02\/DSC09233.jpg 800w, https:\/\/www.softwareag.com\/app\/uploads\/2026\/02\/DSC09233-300x169.jpg 300w, https:\/\/www.softwareag.com\/app\/uploads\/2026\/02\/DSC09233-768x432.jpg 768w, https:\/\/www.softwareag.com\/app\/uploads\/2026\/02\/DSC09233-18x10.jpg 18w\" sizes=\"auto, (max-width: 800px) 100vw, 800px\" \/><\/figure><\/div>\n\n\n\n<div class=\"wp-block-media-text alignfull is-stacked-on-mobile\"><figure class=\"wp-block-media-text__media\"><img loading=\"lazy\" decoding=\"async\" width=\"800\" height=\"533\" src=\"https:\/\/www.softwareag.com\/app\/uploads\/2026\/02\/IMG_8173.jpg\" alt=\"Two speakers having a conversation on a Software AG stage\" class=\"wp-image-5522 size-full\" srcset=\"https:\/\/www.softwareag.com\/app\/uploads\/2026\/02\/IMG_8173.jpg 800w, https:\/\/www.softwareag.com\/app\/uploads\/2026\/02\/IMG_8173-300x200.jpg 300w, https:\/\/www.softwareag.com\/app\/uploads\/2026\/02\/IMG_8173-768x512.jpg 768w, https:\/\/www.softwareag.com\/app\/uploads\/2026\/02\/IMG_8173-18x12.jpg 18w\" sizes=\"auto, (max-width: 800px) 100vw, 800px\" \/><\/figure><div class=\"wp-block-media-text__content\">\n<h6 class=\"wp-block-heading has-purple-color has-text-color has-link-color wp-elements-15adff9097f96c681a03dbae51a7664e\" id=\"h-encontro-com-especialistas\" style=\"margin-top:0;margin-bottom:var(--wp--preset--spacing--s)\">Encontro com especialistas<\/h6>\n\n\n\n<figure class=\"wp-block-image size-full\"><img decoding=\"async\" src=\"\/app\/uploads\/2025\/12\/zap-icon.svg\" alt=\"zap icon\" class=\"wp-image-4575\"\/><\/figure>\n\n\n\n<p>Interaja com quem possui experi\u00eancia de atua\u00e7\u00e3o em diversos projetos de moderniza\u00e7\u00e3o e otimiza\u00e7\u00e3o junto \u00e0 grandes organiza\u00e7\u00f5es dos setores p\u00fablico e privado, no Brasil e ao redor do mundo, que enfrentam os mesmos desafios que os seus. Conhe\u00e7a as melhores pr\u00e1ticas. Fa\u00e7a perguntas. Encontre solu\u00e7\u00f5es.<\/p>\n\n\n\n<ul class=\"wp-block-list is-style-checkmarks is-style-checkmarks--2\">\n<li><\/li>\n<\/ul>\n<\/div><\/div>\n\n\n\n<div class=\"wp-block-media-text alignfull has-media-on-the-right is-stacked-on-mobile\"><div class=\"wp-block-media-text__content\">\n<h6 class=\"wp-block-heading has-purple-color has-text-color has-link-color wp-elements-20bf3a1fae23113d27d16d9bb1791a17\" id=\"h-networking\" style=\"margin-top:0;margin-bottom:var(--wp--preset--spacing--s)\">Networking<\/h6>\n\n\n\n<figure class=\"wp-block-image size-large\"><img decoding=\"async\" src=\"\/app\/uploads\/2025\/12\/featured-bubbles.svg\" alt=\"bubbles icon\" class=\"wp-image-4555\"\/><\/figure>\n\n\n\n<p>Nada como dar uma pausa dos eventos e reuni\u00f5es virtuais para encontrar pessoalmente com convidados especiais e as pessoas brilhantes que fazem parte da comunidade de profissionais Adabas &amp; Natural. Aproveite esta oportunidade de rever colegas, participar de uma boa conversa e confraternizar.<\/p>\n\n\n\n<ul class=\"wp-block-list is-style-checkmarks is-style-checkmarks--3\">\n<li><\/li>\n<\/ul>\n<\/div><figure class=\"wp-block-media-text__media\"><img loading=\"lazy\" decoding=\"async\" width=\"1024\" height=\"659\" src=\"https:\/\/www.softwareag.com\/app\/uploads\/2026\/02\/DSC08949_Networking-1024x659.jpg\" alt=\"Networking at a Software AG event\" class=\"wp-image-5523 size-full\" srcset=\"https:\/\/www.softwareag.com\/app\/uploads\/2026\/02\/DSC08949_Networking-1024x659.jpg 1024w, https:\/\/www.softwareag.com\/app\/uploads\/2026\/02\/DSC08949_Networking-300x193.jpg 300w, https:\/\/www.softwareag.com\/app\/uploads\/2026\/02\/DSC08949_Networking-768x494.jpg 768w, https:\/\/www.softwareag.com\/app\/uploads\/2026\/02\/DSC08949_Networking-1536x988.jpg 1536w, https:\/\/www.softwareag.com\/app\/uploads\/2026\/02\/DSC08949_Networking-2048x1318.jpg 2048w, https:\/\/www.softwareag.com\/app\/uploads\/2026\/02\/DSC08949_Networking-18x12.jpg 18w\" sizes=\"auto, (max-width: 1024px) 100vw, 1024px\" \/><\/figure><\/div>\n<\/div>\n\n\n\n<div class=\"wp-block-group alignfull has-purple-to-teal-gradient-background has-background has-global-padding is-layout-constrained wp-block-group-is-layout-constrained\" style=\"padding-top:var(--wp--preset--spacing--xxl);padding-bottom:var(--wp--preset--spacing--xxl)\">\n<h2 class=\"wp-block-heading has-text-align-center has-white-color has-text-color has-link-color wp-elements-4c4f193ebb85cdc7d50e342fe03a7470\" id=\"h-register\">Inscreva-se para participar<\/h2>\n\n\n\n<p class=\"has-text-align-center has-white-color has-text-color has-link-color wp-elements-54ea89ad54ed81de78a24bfeef4f031f\">As inscri\u00e7\u00f5es para este evento ser\u00e3o aceitas at\u00e9 o dia 31 de Mar\u00e7o.<\/p>\n\n\n\n<div class=\"wp-block-buttons is-content-justification-center is-layout-flex wp-container-core-buttons-is-layout-a89b3969 wp-block-buttons-is-layout-flex\">\n<div class=\"wp-block-button is-style-dark-bg-primary is-style-dark-bg-primary--4\"><a class=\"wp-block-button__link wp-element-button\" href=\"#form\">Confirme sua presen\u00e7a<\/a><\/div>\n\n\n\n<div class=\"wp-block-button is-style-dark-bg-primary is-style-dark-bg-primary--5\"><a class=\"wp-block-button__link wp-element-button\" href=\"https:\/\/www.softwareag.com\/br\/contact\/\">D\u00favidas? Entre em contato<\/a><\/div>\n<\/div>\n\n\n\n<p><\/p>\n\n\n\n<p><\/p>\n\n\n\n<p><\/p>\n\n\n\n<p><\/p>\n\n\n\n<p><\/p>\n<\/div>","protected":false},"excerpt":{"rendered":"<p>Com a IA acelerando a disrup\u00e7\u00e3o dos mercados e se tornando essencial para a estrat\u00e9gia das organiza\u00e7\u00f5es, l\u00edderes e especialistas de TI precisam criar bases s\u00f3lidas para orquestrar conex\u00f5es inteligentes que protejam e ampliem o valor dos dados e da l\u00f3gica de neg\u00f3cios em sistemas de miss\u00e3o cr\u00edtica, pilares de iniciativas de IA com impacto real nos neg\u00f3cios e na sociedade.<\/p>","protected":false},"featured_media":5522,"parent":0,"template":"","language":[119],"product":[66,48,49],"venue-region":[120],"event-type":[95],"class_list":["post-5403","event","type-event","status-publish","has-post-thumbnail","hentry","language-portuguese","product-adabas-natural","product-connx","product-jopaz","venue-region-brazil","event-type-in-person"],"acf":[],"yoast_head":"<!-- This site is optimized with the Yoast SEO Premium plugin v27.2 (Yoast SEO v27.2) - https:\/\/yoast.com\/product\/yoast-seo-premium-wordpress\/ -->\n<title>Adabas &amp; Natural Tour 2026 | Software AG<\/title>\n<meta name=\"description\" content=\"Join the Adabas and Natural Tour to explore AI-driven strategies for enhancing data and business logic in critical systems.\" \/>\n<meta name=\"robots\" content=\"index, follow, max-snippet:-1, max-image-preview:large, max-video-preview:-1\" \/>\n<link rel=\"canonical\" href=\"https:\/\/www.softwareag.com\/br\/events\/adabas-natural-tour-brasilia\/\" \/>\n<meta property=\"og:locale\" content=\"pt_BR\" \/>\n<meta property=\"og:type\" content=\"article\" \/>\n<meta property=\"og:title\" content=\"Adabas &amp; Natural Tour 2026\" \/>\n<meta property=\"og:description\" content=\"Join the Adabas and Natural Tour to explore AI-driven strategies for enhancing data and business logic in critical systems.\" \/>\n<meta property=\"og:url\" content=\"https:\/\/www.softwareag.com\/br\/events\/adabas-natural-tour-brasilia\/\" \/>\n<meta property=\"og:site_name\" content=\"Software AG\" \/>\n<meta property=\"article:publisher\" content=\"https:\/\/www.facebook.com\/SoftwareAG\" \/>\n<meta property=\"article:modified_time\" content=\"2026-03-20T20:43:36+00:00\" \/>\n<meta property=\"og:image\" content=\"https:\/\/www.softwareag.com\/app\/uploads\/2026\/02\/IMG_8173.jpg\" \/>\n\t<meta property=\"og:image:width\" content=\"800\" \/>\n\t<meta property=\"og:image:height\" content=\"533\" \/>\n\t<meta property=\"og:image:type\" content=\"image\/jpeg\" \/>\n<meta name=\"twitter:card\" content=\"summary_large_image\" \/>\n<meta name=\"twitter:site\" content=\"@softwareag\" \/>\n<meta name=\"twitter:label1\" content=\"Est. reading time\" \/>\n\t<meta name=\"twitter:data1\" content=\"4 minutes\" \/>\n<script type=\"application\/ld+json\" class=\"yoast-schema-graph\">{\"@context\":\"https:\/\/schema.org\",\"@graph\":[{\"@type\":\"WebPage\",\"@id\":\"https:\/\/www.softwareag.com\/br\/events\/adabas-natural-tour-brasilia\/\",\"url\":\"https:\/\/www.softwareag.com\/br\/events\/adabas-natural-tour-brasilia\/\",\"name\":\"Adabas &amp; Natural Tour 2026 | Software AG\",\"isPartOf\":{\"@id\":\"https:\/\/www.softwareag.com\/en\/#website\"},\"primaryImageOfPage\":{\"@id\":\"https:\/\/www.softwareag.com\/br\/events\/adabas-natural-tour-brasilia\/#primaryimage\"},\"image\":{\"@id\":\"https:\/\/www.softwareag.com\/br\/events\/adabas-natural-tour-brasilia\/#primaryimage\"},\"thumbnailUrl\":\"https:\/\/www.softwareag.com\/app\/uploads\/2026\/02\/IMG_8173.jpg\",\"datePublished\":\"2026-03-03T18:37:29+00:00\",\"dateModified\":\"2026-03-20T20:43:36+00:00\",\"description\":\"Join the Adabas and Natural Tour to explore AI-driven strategies for enhancing data and business logic in critical systems.\",\"breadcrumb\":{\"@id\":\"https:\/\/www.softwareag.com\/br\/events\/adabas-natural-tour-brasilia\/#breadcrumb\"},\"inLanguage\":\"pt-BR\",\"potentialAction\":[{\"@type\":\"ReadAction\",\"target\":[\"https:\/\/www.softwareag.com\/br\/events\/adabas-natural-tour-brasilia\/\"]}]},{\"@type\":\"ImageObject\",\"inLanguage\":\"pt-BR\",\"@id\":\"https:\/\/www.softwareag.com\/br\/events\/adabas-natural-tour-brasilia\/#primaryimage\",\"url\":\"https:\/\/www.softwareag.com\/app\/uploads\/2026\/02\/IMG_8173.jpg\",\"contentUrl\":\"https:\/\/www.softwareag.com\/app\/uploads\/2026\/02\/IMG_8173.jpg\",\"width\":800,\"height\":533},{\"@type\":\"BreadcrumbList\",\"@id\":\"https:\/\/www.softwareag.com\/br\/events\/adabas-natural-tour-brasilia\/#breadcrumb\",\"itemListElement\":[{\"@type\":\"ListItem\",\"position\":1,\"name\":\"Home\",\"item\":\"https:\/\/www.softwareag.com\/de\/\"},{\"@type\":\"ListItem\",\"position\":2,\"name\":\"Adabas &amp; Natural Tour 2026\"}]},{\"@type\":\"WebSite\",\"@id\":\"https:\/\/www.softwareag.com\/en\/#website\",\"url\":\"https:\/\/www.softwareag.com\/en\/\",\"name\":\"Software AG\",\"description\":\"Software AG&#039;s digital transformation solutions &amp; services\",\"publisher\":{\"@id\":\"https:\/\/www.softwareag.com\/en\/#organization\"},\"alternateName\":\"SAG\",\"potentialAction\":[{\"@type\":\"SearchAction\",\"target\":{\"@type\":\"EntryPoint\",\"urlTemplate\":\"https:\/\/www.softwareag.com\/en\/?s={search_term_string}\"},\"query-input\":{\"@type\":\"PropertyValueSpecification\",\"valueRequired\":true,\"valueName\":\"search_term_string\"}}],\"inLanguage\":\"pt-BR\"},{\"@type\":\"Organization\",\"@id\":\"https:\/\/www.softwareag.com\/en\/#organization\",\"name\":\"Software AG\",\"alternateName\":\"SAG\",\"url\":\"https:\/\/www.softwareag.com\/en\/\",\"logo\":{\"@type\":\"ImageObject\",\"inLanguage\":\"pt-BR\",\"@id\":\"https:\/\/www.softwareag.com\/en\/#\/schema\/logo\/image\/\",\"url\":\"https:\/\/www.softwareag.com\/app\/uploads\/2025\/09\/software-gmbh-dark-logo-bg_Small.jpeg\",\"contentUrl\":\"https:\/\/www.softwareag.com\/app\/uploads\/2025\/09\/software-gmbh-dark-logo-bg_Small.jpeg\",\"width\":800,\"height\":450,\"caption\":\"Software AG\"},\"image\":{\"@id\":\"https:\/\/www.softwareag.com\/en\/#\/schema\/logo\/image\/\"},\"sameAs\":[\"https:\/\/www.facebook.com\/SoftwareAG\",\"https:\/\/x.com\/softwareag\",\"https:\/\/www.linkedin.com\/company\/software-ag\",\"https:\/\/www.youtube.com\/user\/SOFTWAREAG\"],\"description\":\"Software AG is a global enterprise software company dedicated to facilitating digital transformation for large-scale organizations. They specialize in modernizing legacy infrastructure, optimizing mainframe operations, and enabling seamless data integration across hybrid environments.\",\"numberOfEmployees\":{\"@type\":\"QuantitativeValue\",\"minValue\":\"501\",\"maxValue\":\"1000\"}}]}<\/script>\n<!-- \/ Yoast SEO Premium plugin. -->","yoast_head_json":{"title":"Adabas &amp; Natural Tour 2026 | Software AG","description":"Join the Adabas and Natural Tour to explore AI-driven strategies for enhancing data and business logic in critical systems.","robots":{"index":"index","follow":"follow","max-snippet":"max-snippet:-1","max-image-preview":"max-image-preview:large","max-video-preview":"max-video-preview:-1"},"canonical":"https:\/\/www.softwareag.com\/br\/events\/adabas-natural-tour-brasilia\/","og_locale":"pt_BR","og_type":"article","og_title":"Adabas &amp; Natural Tour 2026","og_description":"Join the Adabas and Natural Tour to explore AI-driven strategies for enhancing data and business logic in critical systems.","og_url":"https:\/\/www.softwareag.com\/br\/events\/adabas-natural-tour-brasilia\/","og_site_name":"Software AG","article_publisher":"https:\/\/www.facebook.com\/SoftwareAG","article_modified_time":"2026-03-20T20:43:36+00:00","og_image":[{"width":800,"height":533,"url":"https:\/\/www.softwareag.com\/app\/uploads\/2026\/02\/IMG_8173.jpg","type":"image\/jpeg"}],"twitter_card":"summary_large_image","twitter_site":"@softwareag","twitter_misc":{"Est. reading time":"4 minutes"},"schema":{"@context":"https:\/\/schema.org","@graph":[{"@type":"WebPage","@id":"https:\/\/www.softwareag.com\/br\/events\/adabas-natural-tour-brasilia\/","url":"https:\/\/www.softwareag.com\/br\/events\/adabas-natural-tour-brasilia\/","name":"Adabas &amp; Natural Tour 2026 | Software AG","isPartOf":{"@id":"https:\/\/www.softwareag.com\/en\/#website"},"primaryImageOfPage":{"@id":"https:\/\/www.softwareag.com\/br\/events\/adabas-natural-tour-brasilia\/#primaryimage"},"image":{"@id":"https:\/\/www.softwareag.com\/br\/events\/adabas-natural-tour-brasilia\/#primaryimage"},"thumbnailUrl":"https:\/\/www.softwareag.com\/app\/uploads\/2026\/02\/IMG_8173.jpg","datePublished":"2026-03-03T18:37:29+00:00","dateModified":"2026-03-20T20:43:36+00:00","description":"Join the Adabas and Natural Tour to explore AI-driven strategies for enhancing data and business logic in critical systems.","breadcrumb":{"@id":"https:\/\/www.softwareag.com\/br\/events\/adabas-natural-tour-brasilia\/#breadcrumb"},"inLanguage":"pt-BR","potentialAction":[{"@type":"ReadAction","target":["https:\/\/www.softwareag.com\/br\/events\/adabas-natural-tour-brasilia\/"]}]},{"@type":"ImageObject","inLanguage":"pt-BR","@id":"https:\/\/www.softwareag.com\/br\/events\/adabas-natural-tour-brasilia\/#primaryimage","url":"https:\/\/www.softwareag.com\/app\/uploads\/2026\/02\/IMG_8173.jpg","contentUrl":"https:\/\/www.softwareag.com\/app\/uploads\/2026\/02\/IMG_8173.jpg","width":800,"height":533},{"@type":"BreadcrumbList","@id":"https:\/\/www.softwareag.com\/br\/events\/adabas-natural-tour-brasilia\/#breadcrumb","itemListElement":[{"@type":"ListItem","position":1,"name":"Home","item":"https:\/\/www.softwareag.com\/de\/"},{"@type":"ListItem","position":2,"name":"Adabas &amp; Natural Tour 2026"}]},{"@type":"WebSite","@id":"https:\/\/www.softwareag.com\/en\/#website","url":"https:\/\/www.softwareag.com\/en\/","name":"Software AG","description":"Solu\u00e7\u00f5es e servi\u00e7os de transforma\u00e7\u00e3o digital da Software AG","publisher":{"@id":"https:\/\/www.softwareag.com\/en\/#organization"},"alternateName":"SAG","potentialAction":[{"@type":"SearchAction","target":{"@type":"EntryPoint","urlTemplate":"https:\/\/www.softwareag.com\/en\/?s={search_term_string}"},"query-input":{"@type":"PropertyValueSpecification","valueRequired":true,"valueName":"search_term_string"}}],"inLanguage":"pt-BR"},{"@type":"Organization","@id":"https:\/\/www.softwareag.com\/en\/#organization","name":"Software AG","alternateName":"SAG","url":"https:\/\/www.softwareag.com\/en\/","logo":{"@type":"ImageObject","inLanguage":"pt-BR","@id":"https:\/\/www.softwareag.com\/en\/#\/schema\/logo\/image\/","url":"https:\/\/www.softwareag.com\/app\/uploads\/2025\/09\/software-gmbh-dark-logo-bg_Small.jpeg","contentUrl":"https:\/\/www.softwareag.com\/app\/uploads\/2025\/09\/software-gmbh-dark-logo-bg_Small.jpeg","width":800,"height":450,"caption":"Software AG"},"image":{"@id":"https:\/\/www.softwareag.com\/en\/#\/schema\/logo\/image\/"},"sameAs":["https:\/\/www.facebook.com\/SoftwareAG","https:\/\/x.com\/softwareag","https:\/\/www.linkedin.com\/company\/software-ag","https:\/\/www.youtube.com\/user\/SOFTWAREAG"],"description":"Software AG is a global enterprise software company dedicated to facilitating digital transformation for large-scale organizations. They specialize in modernizing legacy infrastructure, optimizing mainframe operations, and enabling seamless data integration across hybrid environments.","numberOfEmployees":{"@type":"QuantitativeValue","minValue":"501","maxValue":"1000"}}]}},"jetpack_sharing_enabled":true,"_links":{"self":[{"href":"https:\/\/www.softwareag.com\/br\/wp-json\/wp\/v2\/event\/5403","targetHints":{"allow":["GET"]}}],"collection":[{"href":"https:\/\/www.softwareag.com\/br\/wp-json\/wp\/v2\/event"}],"about":[{"href":"https:\/\/www.softwareag.com\/br\/wp-json\/wp\/v2\/types\/event"}],"version-history":[{"count":61,"href":"https:\/\/www.softwareag.com\/br\/wp-json\/wp\/v2\/event\/5403\/revisions"}],"predecessor-version":[{"id":6165,"href":"https:\/\/www.softwareag.com\/br\/wp-json\/wp\/v2\/event\/5403\/revisions\/6165"}],"wp:featuredmedia":[{"embeddable":true,"href":"https:\/\/www.softwareag.com\/br\/wp-json\/wp\/v2\/media\/5522"}],"wp:attachment":[{"href":"https:\/\/www.softwareag.com\/br\/wp-json\/wp\/v2\/media?parent=5403"}],"wp:term":[{"taxonomy":"language","embeddable":true,"href":"https:\/\/www.softwareag.com\/br\/wp-json\/wp\/v2\/language?post=5403"},{"taxonomy":"product","embeddable":true,"href":"https:\/\/www.softwareag.com\/br\/wp-json\/wp\/v2\/product?post=5403"},{"taxonomy":"venue-region","embeddable":true,"href":"https:\/\/www.softwareag.com\/br\/wp-json\/wp\/v2\/venue-region?post=5403"},{"taxonomy":"event-type","embeddable":true,"href":"https:\/\/www.softwareag.com\/br\/wp-json\/wp\/v2\/event-type?post=5403"}],"curies":[{"name":"wp","href":"https:\/\/api.w.org\/{rel}","templated":true}]}}