{"id":5397,"date":"2026-02-25T07:22:34","date_gmt":"2026-02-25T11:22:34","guid":{"rendered":"https:\/\/www.softwareag.com\/?post_type=event&#038;p=5397"},"modified":"2026-03-13T18:37:07","modified_gmt":"2026-03-13T22:37:07","slug":"arbeitskreis-adabas-natural-dach","status":"publish","type":"event","link":"https:\/\/www.softwareag.com\/de\/events\/arbeitskreis-adabas-natural-dach\/","title":{"rendered":"Arbeitskreis Adabas &amp; Natural DACH"},"content":{"rendered":"<section\n    class=\"o-event-single-hero alignfull eshb-no-img\"\n    style=\"\"\n>\n    \n    <div class=\"o-event-single-hero__inner alignwide\">\n        <div class=\"o-event-single-hero__inner-left\">\n            \n            <div class=\"o-event-single-hero__content\">\n                \n                <h1\n                    class=\"o-event-single-hero__title sag-smaller-h1\"\n                >\n                    Arbeitskreis Adabas &amp; Natural DACH\n                <\/h1>\n\n                                    <div class=\"o-event-single-hero__excerpt\">\n                        Der Arbeitskreis Adabas &#038; Natural DACH findet am 16. Juni 2026 von 9:00 &#8211; 12:00 Uhr in M\u00fcnchen im Rahmen der International User Groups Conference (IUG) 2026 statt.\n                    <\/div>\n                \n                                    <div class=\"datetime-synonyms\">\n                        <p class=\"datetime-synonyms__heading\">\n                            Termine und Uhrzeiten\n                        <\/p>\n                                                    <div class=\"datetime-synonym shadow-2xl inset-ring inset-ring-1\">\n                                <div class=\"card-header\">\n                                    <p class=\"location\">\n                                        Mitteleurop\u00e4ische Zeit\n                                    <\/p>\n                                <\/div>\n                                <div class=\"card-footer\">\n                                    <span\n                                        class=\"material-symbols-outlined timezone-region-icon timezone-region-icon--europe\"\n                                        title=\"Europe timezone\"\n                                        aria-hidden=\"true\"\n                                    >\n                                                                                    globe_uk\n                                                                            <\/span>\n                                    <p class=\"date-details\">\n                                        <span>\n                                            <time\n                                                datetime=\"2026-06-16T09:00:00+02:00\"\n                                                class=\"date\"\n                                            >\n                                                9:00 AM\n                                            <\/time>\n                                            |\n                                        <\/span>\n                                        <span>\n                                            <time\n                                                datetime=\"2026-06-16T09:00:00+02:00\"\n                                                class=\"day-of-week\"\n                                            >\n                                                Tuesday\n                                            <\/time>\n                                            |\n                                        <\/span>\n                                        <span>\n                                            <time datetime=\"2026-06-16T09:00:00+02:00\">\n                                                June 16, 2026\n                                            <\/time>\n                                        <\/span>\n                                    <\/p>\n                                <\/div>\n                            <\/div>\n                                            <\/div>\n                \n                                                        <div class=\"o-event-single-hero__meta\">\n                                                                                    <span class=\"m-card-event__venue\">\n                                                                            <span class=\"material-symbols-outlined\" aria-hidden=\"true\">\n                                            location_on\n                                        <\/span>\n                                                                        Munich, Germany\n                                <\/span>\n                                                    \n                                                                                    <span class=\"m-card-event__type\">\n                                                                            <span class=\"material-symbols-outlined\" aria-hidden=\"true\">\n                                            groups\n                                        <\/span>\n                                                                        In-Person\n                                <\/span>\n                                                            <span class=\"m-card-event__type\">\n                                                                            <span class=\"material-symbols-outlined\" aria-hidden=\"true\">\n                                            groups\n                                        <\/span>\n                                                                        User Group\n                                <\/span>\n                                                    \n                                                    \n                                                            <span class=\"m-card-event__duration\">\n                                    <span class=\"material-symbols-outlined\" aria-hidden=\"true\">\n                                        hourglass_top\n                                    <\/span>\n                                    1-Day Event\n                                <\/span>\n                                                                        <\/div>\n                \n                                            <\/div>\n        <\/div>\n\n            <\/div>\n<\/section>\n\n\n\n<div class=\"wp-block-columns alignwide is-layout-flex wp-container-core-columns-is-layout-b5dc9e86 wp-block-columns-is-layout-flex\" style=\"padding-top:var(--wp--preset--spacing--xxl)\">\n<div class=\"wp-block-column is-layout-flow wp-block-column-is-layout-flow\">\n<h6 class=\"wp-block-heading has-purple-color has-text-color has-link-color wp-elements-0d7805f85eed7bcffa3e28cef3eff4dd\" id=\"h-usergroup\" style=\"margin-top:var(--wp--preset--spacing--s);margin-bottom:var(--wp--preset--spacing--m)\">userGroup<\/h6>\n\n\n\n<h3 class=\"wp-block-heading has-grande-font-size\" id=\"h-arbeitskreis-adabas-amp-natural-dach\" style=\"margin-top:0\">Arbeitskreis Adabas &amp; Natural DACH<\/h3>\n\n\n\n<p>Wir laden Sie ganz herzlich zum <strong>Arbeitskreis Adabas &amp; Natural DACH am 16. Juni 2026 nach M\u00fcnchen<\/strong> im Rahmen der <strong>International User Groups Conference (IUG) 2026<\/strong> ein.<\/p>\n\n\n\n<p>Der Arbeitskreis DACH wird am Vortag der IUG in M\u00fcnchen stattfinden.<\/p>\n\n\n\n<p>Wir starten am Dienstag, den 16. Juni um 09:00 Uhr mit dem Arbeitskreis Adabas &amp; Natural DACH. Im Mittelpunkt stehen:<\/p>\n\n\n\n<ul class=\"wp-block-list\">\n<li>Kundenvortr\u00e4ge aus der Praxis<\/li>\n\n\n\n<li>Aktuelle Neuigkeiten aus der Adabas- &amp; Natural-Welt<\/li>\n\n\n\n<li>Offener Austausch innerhalb der DACH-Community<\/li>\n<\/ul>\n\n\n\n<p>Nachmittags haben Sie die M\u00f6glichkeit, in praxisnahen Labsessions zuk\u00fcnftige Versionen von Adabas &amp; Natural kennenzulernen, neue Funktionen zu erproben und direktes Feedback an die Entwicklungsteams zu geben.<\/p>\n\n\n\n<p>Am Vorabend laden wir Sie zum Abendessen und Austausch in lockerer Runde ein.<\/p>\n\n\n\n<p>Ab dem 17. Juni findet dann die IUG statt. Nutzen Sie bitte f\u00fcr die Anmeldungen f\u00fcr den Arbeitskreis DACH und\/oder IUG nachfolgenden Button auf dieser Webseite die Registrierung.<\/p>\n\n\n\n<p><\/p>\n<\/div>\n\n\n\n<div class=\"wp-block-column is-layout-flow wp-block-column-is-layout-flow\">\n<div class=\"wp-block-group alignwide has-white-background-color has-background is-layout-flow wp-block-group-is-layout-flow\">\n<h6 class=\"wp-block-heading alignwide has-purple-color has-text-color has-link-color wp-elements-deba68f9868612e6332c976bffdd989a\" id=\"h-agenda\" style=\"margin-top:var(--wp--preset--spacing--s);margin-bottom:var(--wp--preset--spacing--m)\">TAGESORDNUNG<\/h6>\n\n\n\n<div class=\"o-event-agenda\">\n                        <div class=\"o-event-agenda__day\">\n                <h6>June 16<\/h6>\n                <h4>Tuesday<\/h4>\n\n                \n                <hr class=\"wp-block-separator has-alpha-channel-opacity is-style-wide\" \/>\n\n                \n                <div class=\"o-event-agenda__day-schedule\">\n                                                                        <div class=\"o-event-agenda__times\">\n                                <time datetime=\"09:00:00\">\n                                    9:00 AM\n                                <\/time>                                    <span class=\"o-event-agenda__time-separator\">&#8211;<\/span><time datetime=\"09:15:00\">9:15 AM<\/time>\n                                                            <\/div>\n                                                <div>\n                                                            <p class=\"agenda-session-title\">\n                                    <span class=\"agenda-session-title__text\">\n                                        Begr\u00fc\u00dfung &#038; Organisatorisches\n                                    <\/span>\n                                <\/p>\n                                                                                    <\/div>\n                                                                        <div class=\"o-event-agenda__times\">\n                                <time datetime=\"09:15:00\">\n                                    9:15 AM\n                                <\/time>                                    <span class=\"o-event-agenda__time-separator\">&#8211;<\/span><time datetime=\"09:45:00\">9:45 AM<\/time>\n                                                            <\/div>\n                                                <div>\n                                                            <p class=\"agenda-session-title\">\n                                    <span class=\"agenda-session-title__text\">\n                                        Kundenbericht Travelbasys &#8211; EPP Bericht zu Natural API-Server und Natural VSC\n                                    <\/span>\n                                <\/p>\n                                                                                    <\/div>\n                                                                        <div class=\"o-event-agenda__times\">\n                                <time datetime=\"09:45:00\">\n                                    9:45 AM\n                                <\/time>                                    <span class=\"o-event-agenda__time-separator\">&#8211;<\/span><time datetime=\"10:15:00\">10:15 AM<\/time>\n                                                            <\/div>\n                                                <div>\n                                                            <p class=\"agenda-session-title\">\n                                    <span class=\"agenda-session-title__text\">\n                                        Produktnews\n                                    <\/span>\n                                <\/p>\n                                                                                    <\/div>\n                                                                        <div class=\"o-event-agenda__times\">\n                                <time datetime=\"10:15:00\">\n                                    10:15 AM\n                                <\/time>                                    <span class=\"o-event-agenda__time-separator\">&#8211;<\/span><time datetime=\"10:45:00\">10:45 AM<\/time>\n                                                            <\/div>\n                                                <div>\n                                                            <p class=\"agenda-session-title\">\n                                    <span class=\"agenda-session-title__text\">\n                                        Kundenbericht \n                                    <\/span>\n                                <\/p>\n                                                                                    <\/div>\n                                                                        <div class=\"o-event-agenda__times\">\n                                <time datetime=\"10:45:00\">\n                                    10:45 AM\n                                <\/time>                                    <span class=\"o-event-agenda__time-separator\">&#8211;<\/span><time datetime=\"11:00:00\">11:00 AM<\/time>\n                                                            <\/div>\n                                                <div>\n                                                            <p class=\"agenda-session-title\">\n                                    <span class=\"agenda-session-title__text\">\n                                        Kaffeepause\n                                    <\/span>\n                                <\/p>\n                                                                                    <\/div>\n                                                                        <div class=\"o-event-agenda__times\">\n                                <time datetime=\"11:00:00\">\n                                    11:00 AM\n                                <\/time>                                    <span class=\"o-event-agenda__time-separator\">&#8211;<\/span><time datetime=\"12:00:00\">12:00 PM<\/time>\n                                                            <\/div>\n                                                <div>\n                                                            <p class=\"agenda-session-title\">\n                                    <span class=\"agenda-session-title__text\">\n                                        Allgemeiner Austausch\n                                    <\/span>\n                                <\/p>\n                                                                                    <\/div>\n                                                                        <div class=\"o-event-agenda__times\">\n                                <time datetime=\"12:00:00\">\n                                    12:00 PM\n                                <\/time>                                    <span class=\"o-event-agenda__time-separator\">&#8211;<\/span><time datetime=\"13:00:00\">1:00 PM<\/time>\n                                                            <\/div>\n                                                <div>\n                                                            <p class=\"agenda-session-title\">\n                                    <span class=\"agenda-session-title__text\">\n                                        Mittagessen\n                                    <\/span>\n                                <\/p>\n                                                                                    <\/div>\n                                                                        <div class=\"o-event-agenda__times\">\n                                <time datetime=\"13:00:00\">\n                                    1:00 PM\n                                <\/time>                                    <span class=\"o-event-agenda__time-separator\">&#8211;<\/span><time datetime=\"17:00:00\">5:00 PM<\/time>\n                                                            <\/div>\n                                                <div>\n                                                            <p class=\"agenda-session-title\">\n                                    <span class=\"agenda-session-title__text\">\n                                        M\u00f6glichkeit der Teilnahme an verschiedenen Labsessions\n                                    <\/span>\n                                <\/p>\n                                                                                    <\/div>\n                                                                        <div class=\"o-event-agenda__times\">\n                                <time datetime=\"17:00:00\">\n                                    5:00 PM\n                                <\/time>                                    <span class=\"o-event-agenda__time-separator\">&#8211;<\/span><time datetime=\"19:00:00\">7:00 PM<\/time>\n                                                            <\/div>\n                                                <div>\n                                                            <p class=\"agenda-session-title\">\n                                    <span class=\"agenda-session-title__text\">\n                                        Welcome Reception IUG\n                                    <\/span>\n                                <\/p>\n                                                                                    <\/div>\n                                    <\/div>\n            <\/div>\n            <\/div>\n<\/div>\n<\/div>\n<\/div>\n\n\n\n<div class=\"wp-block-buttons alignwide is-layout-flex wp-block-buttons-is-layout-flex\">\n<div class=\"wp-block-button\"><a class=\"wp-block-button__link wp-element-button\" href=\"https:\/\/www.softwareag.com\/de\/iug2026\/\">IUG 2026 Website<\/a><\/div>\n<\/div>\n\n\n\n<div style=\"height:50px\" aria-hidden=\"true\" class=\"wp-block-spacer\"><\/div>\n\n\n\n<div class=\"wp-block-group alignfull has-gray-background-color has-background has-global-padding is-layout-constrained wp-block-group-is-layout-constrained\">\n<div class=\"wp-block-columns alignwide is-layout-flex wp-container-core-columns-is-layout-28f84493 wp-block-columns-is-layout-flex\">\n<div class=\"wp-block-column is-layout-flow wp-block-column-is-layout-flow\" style=\"flex-basis:50%\">\n<div class=\"wp-block-group alignwide has-global-padding is-layout-constrained wp-block-group-is-layout-constrained\">\n<div style=\"height:20px\" aria-hidden=\"true\" class=\"wp-block-spacer\"><\/div>\n\n\n\n<hr class=\"wp-block-separator alignwide has-alpha-channel-opacity\"\/>\n\n\n\n<h2 class=\"wp-block-heading alignwide\" id=\"registration\">Ihre Registrierung f\u00fcr den Arbeitskreis Adabas &amp; Natural DACH<\/h2>\n\n\n\n<p class=\"has-text-align-left\">Bitte f\u00fcllen Sie die offizielle Registrierung zur IUG Konferenz 2026 aus. Sie k\u00f6nnen im Punkt &#8220;Registration Items&#8221; die gew\u00fcnschten Programmpunkte ausw\u00e4hlen, an denen Sie teilnehmen m\u00f6chten &#8211; von der IUG Kofnerenz \u00fcber den Arbeitskreis Adabas &amp; Natural DACH zu den Innovation Labs und Product Trainings.<\/p>\n<\/div>\n<\/div>\n\n\n\n<div class=\"wp-block-column is-layout-flow wp-block-column-is-layout-flow\">\n<div class=\"wp-block-group alignwide is-layout-flow wp-block-group-is-layout-flow\">\n<script src=\"\/\/discover.softwareag.com\/js\/forms2\/js\/forms2.min.js\"><\/script> <form id=\"mktoForm_1169\" action=\"\"><input type=\"hidden\" name=\"trp-form-language\" value=\"de\"\/><\/form> <script>MktoForms2.loadForm(\"\/\/discover.softwareag.com\", \"096-VEV-482\", 1169);<\/script>\n\n\n\n<div style=\"height:20px\" aria-hidden=\"true\" class=\"wp-block-spacer\"><\/div>\n<\/div>\n<\/div>\n<\/div>\n\n\n\n<div style=\"height:20px\" aria-hidden=\"true\" class=\"wp-block-spacer\"><\/div>\n<\/div>","protected":false},"excerpt":{"rendered":"<p>Der Arbeitskreis Adabas &#038; Natural DACH findet am 16. Juni 2026 von 9:00 &#8211; 12:00 Uhr in M\u00fcnchen im Rahmen der International User Groups Conference (IUG) 2026 statt.<\/p>","protected":false},"featured_media":5072,"parent":0,"template":"","language":[96],"product":[66,48,49],"venue-region":[106],"event-type":[95,102],"class_list":["post-5397","event","type-event","status-publish","has-post-thumbnail","hentry","language-german","product-adabas-natural","product-connx","product-jopaz","venue-region-munich-germany","event-type-in-person","event-type-user-group"],"acf":[],"yoast_head":"<!-- This site is optimized with the Yoast SEO Premium plugin v27.2 (Yoast SEO v27.2) - https:\/\/yoast.com\/product\/yoast-seo-premium-wordpress\/ -->\n<title>Arbeitskreis Adabas &amp; Natural DACH | Software AG<\/title>\n<meta name=\"robots\" content=\"index, follow, max-snippet:-1, max-image-preview:large, max-video-preview:-1\" \/>\n<link rel=\"canonical\" href=\"http:\/\/live-www-sag.pantheonsite.io\/en\/events\/arbeitskreis-adabas-natural-dach\/\" \/>\n<meta property=\"og:locale\" content=\"de_DE\" \/>\n<meta property=\"og:type\" content=\"article\" \/>\n<meta property=\"og:title\" content=\"Arbeitskreis Adabas &amp; Natural DACH\" \/>\n<meta property=\"og:description\" content=\"Der Arbeitskreis Adabas &amp; Natural DACH findet am 16. Juni 2026 von 9:00 - 12:00 Uhr in M\u00fcnchen im Rahmen der International User Groups Conference (IUG) 2026 statt.\" \/>\n<meta property=\"og:url\" content=\"http:\/\/live-www-sag.pantheonsite.io\/en\/events\/arbeitskreis-adabas-natural-dach\/\" \/>\n<meta property=\"og:site_name\" content=\"Software AG\" \/>\n<meta property=\"article:publisher\" content=\"https:\/\/www.facebook.com\/SoftwareAG\" \/>\n<meta property=\"article:modified_time\" content=\"2026-03-13T22:37:07+00:00\" \/>\n<meta property=\"og:image\" content=\"http:\/\/live-www-sag.pantheonsite.io\/app\/uploads\/2026\/02\/IUG2025_Day2_BennyDutka_006-scaled.jpg\" \/>\n\t<meta property=\"og:image:width\" content=\"2560\" \/>\n\t<meta property=\"og:image:height\" content=\"1706\" \/>\n\t<meta property=\"og:image:type\" content=\"image\/jpeg\" \/>\n<meta name=\"twitter:card\" content=\"summary_large_image\" \/>\n<meta name=\"twitter:site\" content=\"@softwareag\" \/>\n<meta name=\"twitter:label1\" content=\"Est. reading time\" \/>\n\t<meta name=\"twitter:data1\" content=\"2 minutes\" \/>\n<script type=\"application\/ld+json\" class=\"yoast-schema-graph\">{\"@context\":\"https:\/\/schema.org\",\"@graph\":[{\"@type\":\"WebPage\",\"@id\":\"http:\/\/live-www-sag.pantheonsite.io\/en\/events\/arbeitskreis-adabas-natural-dach\/\",\"url\":\"http:\/\/live-www-sag.pantheonsite.io\/en\/events\/arbeitskreis-adabas-natural-dach\/\",\"name\":\"Arbeitskreis Adabas &amp; Natural DACH | Software AG\",\"isPartOf\":{\"@id\":\"https:\/\/www.softwareag.com\/en\/#website\"},\"primaryImageOfPage\":{\"@id\":\"http:\/\/live-www-sag.pantheonsite.io\/en\/events\/arbeitskreis-adabas-natural-dach\/#primaryimage\"},\"image\":{\"@id\":\"http:\/\/live-www-sag.pantheonsite.io\/en\/events\/arbeitskreis-adabas-natural-dach\/#primaryimage\"},\"thumbnailUrl\":\"https:\/\/www.softwareag.com\/app\/uploads\/2026\/02\/IUG2025_Day2_BennyDutka_006-scaled.jpg\",\"datePublished\":\"2026-02-25T11:22:34+00:00\",\"dateModified\":\"2026-03-13T22:37:07+00:00\",\"breadcrumb\":{\"@id\":\"http:\/\/live-www-sag.pantheonsite.io\/en\/events\/arbeitskreis-adabas-natural-dach\/#breadcrumb\"},\"inLanguage\":\"de-DE\",\"potentialAction\":[{\"@type\":\"ReadAction\",\"target\":[\"http:\/\/live-www-sag.pantheonsite.io\/en\/events\/arbeitskreis-adabas-natural-dach\/\"]}]},{\"@type\":\"ImageObject\",\"inLanguage\":\"de-DE\",\"@id\":\"http:\/\/live-www-sag.pantheonsite.io\/en\/events\/arbeitskreis-adabas-natural-dach\/#primaryimage\",\"url\":\"https:\/\/www.softwareag.com\/app\/uploads\/2026\/02\/IUG2025_Day2_BennyDutka_006-scaled.jpg\",\"contentUrl\":\"https:\/\/www.softwareag.com\/app\/uploads\/2026\/02\/IUG2025_Day2_BennyDutka_006-scaled.jpg\",\"width\":2560,\"height\":1706},{\"@type\":\"BreadcrumbList\",\"@id\":\"http:\/\/live-www-sag.pantheonsite.io\/en\/events\/arbeitskreis-adabas-natural-dach\/#breadcrumb\",\"itemListElement\":[{\"@type\":\"ListItem\",\"position\":1,\"name\":\"Home\",\"item\":\"https:\/\/www.softwareag.com\/de\/\"},{\"@type\":\"ListItem\",\"position\":2,\"name\":\"Arbeitskreis Adabas &amp; Natural DACH\"}]},{\"@type\":\"WebSite\",\"@id\":\"https:\/\/www.softwareag.com\/en\/#website\",\"url\":\"https:\/\/www.softwareag.com\/en\/\",\"name\":\"Software AG\",\"description\":\"Software AG&#039;s digital transformation solutions &amp; services\",\"publisher\":{\"@id\":\"https:\/\/www.softwareag.com\/en\/#organization\"},\"alternateName\":\"SAG\",\"potentialAction\":[{\"@type\":\"SearchAction\",\"target\":{\"@type\":\"EntryPoint\",\"urlTemplate\":\"https:\/\/www.softwareag.com\/en\/?s={search_term_string}\"},\"query-input\":{\"@type\":\"PropertyValueSpecification\",\"valueRequired\":true,\"valueName\":\"search_term_string\"}}],\"inLanguage\":\"de-DE\"},{\"@type\":\"Organization\",\"@id\":\"https:\/\/www.softwareag.com\/en\/#organization\",\"name\":\"Software AG\",\"alternateName\":\"SAG\",\"url\":\"https:\/\/www.softwareag.com\/en\/\",\"logo\":{\"@type\":\"ImageObject\",\"inLanguage\":\"de-DE\",\"@id\":\"https:\/\/www.softwareag.com\/en\/#\/schema\/logo\/image\/\",\"url\":\"https:\/\/www.softwareag.com\/app\/uploads\/2025\/09\/software-gmbh-dark-logo-bg_Small.jpeg\",\"contentUrl\":\"https:\/\/www.softwareag.com\/app\/uploads\/2025\/09\/software-gmbh-dark-logo-bg_Small.jpeg\",\"width\":800,\"height\":450,\"caption\":\"Software AG\"},\"image\":{\"@id\":\"https:\/\/www.softwareag.com\/en\/#\/schema\/logo\/image\/\"},\"sameAs\":[\"https:\/\/www.facebook.com\/SoftwareAG\",\"https:\/\/x.com\/softwareag\",\"https:\/\/www.linkedin.com\/company\/software-ag\",\"https:\/\/www.youtube.com\/user\/SOFTWAREAG\"],\"description\":\"Software AG is a global enterprise software company dedicated to facilitating digital transformation for large-scale organizations. They specialize in modernizing legacy infrastructure, optimizing mainframe operations, and enabling seamless data integration across hybrid environments.\",\"numberOfEmployees\":{\"@type\":\"QuantitativeValue\",\"minValue\":\"501\",\"maxValue\":\"1000\"}}]}<\/script>\n<!-- \/ Yoast SEO Premium plugin. -->","yoast_head_json":{"title":"Arbeitskreis Adabas &amp; Natural DACH | Software AG","robots":{"index":"index","follow":"follow","max-snippet":"max-snippet:-1","max-image-preview":"max-image-preview:large","max-video-preview":"max-video-preview:-1"},"canonical":"http:\/\/live-www-sag.pantheonsite.io\/en\/events\/arbeitskreis-adabas-natural-dach\/","og_locale":"de_DE","og_type":"article","og_title":"Arbeitskreis Adabas &amp; Natural DACH","og_description":"Der Arbeitskreis Adabas & Natural DACH findet am 16. Juni 2026 von 9:00 - 12:00 Uhr in M\u00fcnchen im Rahmen der International User Groups Conference (IUG) 2026 statt.","og_url":"http:\/\/live-www-sag.pantheonsite.io\/en\/events\/arbeitskreis-adabas-natural-dach\/","og_site_name":"Software AG","article_publisher":"https:\/\/www.facebook.com\/SoftwareAG","article_modified_time":"2026-03-13T22:37:07+00:00","og_image":[{"width":2560,"height":1706,"url":"http:\/\/live-www-sag.pantheonsite.io\/app\/uploads\/2026\/02\/IUG2025_Day2_BennyDutka_006-scaled.jpg","type":"image\/jpeg"}],"twitter_card":"summary_large_image","twitter_site":"@softwareag","twitter_misc":{"Est. reading time":"2 minutes"},"schema":{"@context":"https:\/\/schema.org","@graph":[{"@type":"WebPage","@id":"http:\/\/live-www-sag.pantheonsite.io\/en\/events\/arbeitskreis-adabas-natural-dach\/","url":"http:\/\/live-www-sag.pantheonsite.io\/en\/events\/arbeitskreis-adabas-natural-dach\/","name":"Arbeitskreis Adabas &amp; Natural DACH | Software AG","isPartOf":{"@id":"https:\/\/www.softwareag.com\/en\/#website"},"primaryImageOfPage":{"@id":"http:\/\/live-www-sag.pantheonsite.io\/en\/events\/arbeitskreis-adabas-natural-dach\/#primaryimage"},"image":{"@id":"http:\/\/live-www-sag.pantheonsite.io\/en\/events\/arbeitskreis-adabas-natural-dach\/#primaryimage"},"thumbnailUrl":"https:\/\/www.softwareag.com\/app\/uploads\/2026\/02\/IUG2025_Day2_BennyDutka_006-scaled.jpg","datePublished":"2026-02-25T11:22:34+00:00","dateModified":"2026-03-13T22:37:07+00:00","breadcrumb":{"@id":"http:\/\/live-www-sag.pantheonsite.io\/en\/events\/arbeitskreis-adabas-natural-dach\/#breadcrumb"},"inLanguage":"de-DE","potentialAction":[{"@type":"ReadAction","target":["http:\/\/live-www-sag.pantheonsite.io\/en\/events\/arbeitskreis-adabas-natural-dach\/"]}]},{"@type":"ImageObject","inLanguage":"de-DE","@id":"http:\/\/live-www-sag.pantheonsite.io\/en\/events\/arbeitskreis-adabas-natural-dach\/#primaryimage","url":"https:\/\/www.softwareag.com\/app\/uploads\/2026\/02\/IUG2025_Day2_BennyDutka_006-scaled.jpg","contentUrl":"https:\/\/www.softwareag.com\/app\/uploads\/2026\/02\/IUG2025_Day2_BennyDutka_006-scaled.jpg","width":2560,"height":1706},{"@type":"BreadcrumbList","@id":"http:\/\/live-www-sag.pantheonsite.io\/en\/events\/arbeitskreis-adabas-natural-dach\/#breadcrumb","itemListElement":[{"@type":"ListItem","position":1,"name":"Home","item":"https:\/\/www.softwareag.com\/de\/"},{"@type":"ListItem","position":2,"name":"Arbeitskreis Adabas &amp; Natural DACH"}]},{"@type":"WebSite","@id":"https:\/\/www.softwareag.com\/en\/#website","url":"https:\/\/www.softwareag.com\/en\/","name":"Software AG","description":"L\u00f6sungen und Dienstleistungen der Software AG f\u00fcr die digitale Transformation","publisher":{"@id":"https:\/\/www.softwareag.com\/en\/#organization"},"alternateName":"SAG","potentialAction":[{"@type":"SearchAction","target":{"@type":"EntryPoint","urlTemplate":"https:\/\/www.softwareag.com\/en\/?s={search_term_string}"},"query-input":{"@type":"PropertyValueSpecification","valueRequired":true,"valueName":"search_term_string"}}],"inLanguage":"de-DE"},{"@type":"Organization","@id":"https:\/\/www.softwareag.com\/en\/#organization","name":"Software AG","alternateName":"SAG","url":"https:\/\/www.softwareag.com\/en\/","logo":{"@type":"ImageObject","inLanguage":"de-DE","@id":"https:\/\/www.softwareag.com\/en\/#\/schema\/logo\/image\/","url":"https:\/\/www.softwareag.com\/app\/uploads\/2025\/09\/software-gmbh-dark-logo-bg_Small.jpeg","contentUrl":"https:\/\/www.softwareag.com\/app\/uploads\/2025\/09\/software-gmbh-dark-logo-bg_Small.jpeg","width":800,"height":450,"caption":"Software AG"},"image":{"@id":"https:\/\/www.softwareag.com\/en\/#\/schema\/logo\/image\/"},"sameAs":["https:\/\/www.facebook.com\/SoftwareAG","https:\/\/x.com\/softwareag","https:\/\/www.linkedin.com\/company\/software-ag","https:\/\/www.youtube.com\/user\/SOFTWAREAG"],"description":"Software AG is a global enterprise software company dedicated to facilitating digital transformation for large-scale organizations. They specialize in modernizing legacy infrastructure, optimizing mainframe operations, and enabling seamless data integration across hybrid environments.","numberOfEmployees":{"@type":"QuantitativeValue","minValue":"501","maxValue":"1000"}}]}},"jetpack_sharing_enabled":true,"_links":{"self":[{"href":"https:\/\/www.softwareag.com\/de\/wp-json\/wp\/v2\/event\/5397","targetHints":{"allow":["GET"]}}],"collection":[{"href":"https:\/\/www.softwareag.com\/de\/wp-json\/wp\/v2\/event"}],"about":[{"href":"https:\/\/www.softwareag.com\/de\/wp-json\/wp\/v2\/types\/event"}],"version-history":[{"count":28,"href":"https:\/\/www.softwareag.com\/de\/wp-json\/wp\/v2\/event\/5397\/revisions"}],"predecessor-version":[{"id":6092,"href":"https:\/\/www.softwareag.com\/de\/wp-json\/wp\/v2\/event\/5397\/revisions\/6092"}],"wp:featuredmedia":[{"embeddable":true,"href":"https:\/\/www.softwareag.com\/de\/wp-json\/wp\/v2\/media\/5072"}],"wp:attachment":[{"href":"https:\/\/www.softwareag.com\/de\/wp-json\/wp\/v2\/media?parent=5397"}],"wp:term":[{"taxonomy":"language","embeddable":true,"href":"https:\/\/www.softwareag.com\/de\/wp-json\/wp\/v2\/language?post=5397"},{"taxonomy":"product","embeddable":true,"href":"https:\/\/www.softwareag.com\/de\/wp-json\/wp\/v2\/product?post=5397"},{"taxonomy":"venue-region","embeddable":true,"href":"https:\/\/www.softwareag.com\/de\/wp-json\/wp\/v2\/venue-region?post=5397"},{"taxonomy":"event-type","embeddable":true,"href":"https:\/\/www.softwareag.com\/de\/wp-json\/wp\/v2\/event-type?post=5397"}],"curies":[{"name":"wp","href":"https:\/\/api.w.org\/{rel}","templated":true}]}}