{"id":3318,"date":"2025-10-23T08:50:48","date_gmt":"2025-10-23T12:50:48","guid":{"rendered":"https:\/\/www.softwareag.com\/?page_id=3318"},"modified":"2026-04-15T13:07:15","modified_gmt":"2026-04-15T17:07:15","slug":"lilien","status":"publish","type":"page","link":"https:\/\/www.softwareag.com\/en\/lilien\/","title":{"rendered":"SV Darmstadt 98"},"content":{"rendered":"\n<div class=\"wp-block-cover alignfull sag-super-hero sag-super-hero-dark\"><img decoding=\"async\" class=\"wp-block-cover__image-background wp-image-3323 size-full\" alt=\"\" src=\"https:\/\/www.softwareag.com\/app\/uploads\/2025\/10\/SVD1.png\" data-object-fit=\"cover\"\/><span aria-hidden=\"true\" class=\"wp-block-cover__background has-dark-background-background-color has-background-dim-80 has-background-dim\"><\/span><div class=\"wp-block-cover__inner-container is-layout-flow wp-block-cover-is-layout-flow\">\n<div class=\"wp-block-group alignwide is-layout-flow wp-block-group-is-layout-flow\">\n<h6 class=\"wp-block-heading alignwide has-white-color has-text-color has-link-color wp-elements-729db42f379b001fe9b0012ae6b4cbdc\" id=\"h-\"><\/h6>\n\n\n<h1 style=\"margin-top:var(--wp--preset--spacing--m);\" class=\"has-link-color alignwide wp-elements-9182c0534dd5ea4e3b36a52a84a47eef wp-block-post-title has-text-color has-white-color\">SV Darmstadt 98<\/h1>\n\n\n<p class=\"has-white-color has-text-color has-link-color wp-elements-317f40f47bccf7c3cb732e40b10dc0a6\" style=\"margin-top:var(--wp--preset--spacing--s)\">Eine au\u00dfergew\u00f6hnliche Partnerschaft geht in die Verl\u00e4ngerung<\/p>\n<\/div>\n<\/div><\/div>\n\n\n\n<div class=\"wp-block-columns has-gray-background-color has-background is-layout-flex wp-container-core-columns-is-layout-28f84493 wp-block-columns-is-layout-flex\">\n<div class=\"wp-block-column is-layout-flow wp-block-column-is-layout-flow\" style=\"flex-basis:66.66%\">\n<h3 class=\"wp-block-heading\">Wir bleiben #DA<\/h3>\n\n\n\n<h3 class=\"wp-block-heading\">Vom Hauptsponsor zum Premium- und Digitalpartner<\/h3>\n\n\n\n<p>15 Jahre lang haben wir nun den SV Darmstadt 98 als Hauptsponsor und best\u00e4ndiger sowie verl\u00e4sslicher Partner begleitet. Wir freuen uns sehr, dass diese vertrauensvolle Partnerschaft des SV Darmstadt 98 und der Software AG auch in Zukunft bestehen bleibt \u2013 jedoch in ver\u00e4nderter Form. Am 1. Juli 2023 wurde der Wechsel auf die Premiumpartner-Ebene vollzogen. Dar\u00fcber hinaus werden wir die Lilien in ihrer digitalen Transformation weiterhin als Digitalpartner begleiten.<\/p>\n<\/div>\n\n\n\n<div class=\"wp-block-column is-layout-flow wp-block-column-is-layout-flow\" style=\"flex-basis:33.33%\">\n<figure class=\"wp-block-image size-full\"><img loading=\"lazy\" decoding=\"async\" width=\"325\" height=\"492\" src=\"https:\/\/www.softwareag.com\/app\/uploads\/2025\/10\/SV98_Sponsor_Button_Digitalpartner-1-1.png\" alt=\"Offizieller premium-und digitapartner\" class=\"wp-image-3329\" srcset=\"https:\/\/www.softwareag.com\/app\/uploads\/2025\/10\/SV98_Sponsor_Button_Digitalpartner-1-1.png 325w, https:\/\/www.softwareag.com\/app\/uploads\/2025\/10\/SV98_Sponsor_Button_Digitalpartner-1-1-198x300.png 198w, https:\/\/www.softwareag.com\/app\/uploads\/2025\/10\/SV98_Sponsor_Button_Digitalpartner-1-1-8x12.png 8w\" sizes=\"auto, (max-width: 325px) 100vw, 325px\" \/><\/figure>\n<\/div>\n<\/div>\n\n\n\n<div class=\"wp-block-group alignwide sag-cards-row has-global-padding is-layout-constrained wp-block-group-is-layout-constrained\" style=\"border-top-color:var(--wp--preset--color--gray);border-top-width:2px;border-right-style:none;border-right-width:0px;border-bottom-style:none;border-bottom-width:0px;border-left-style:none;border-left-width:0px;margin-top:var(--wp--preset--spacing--xl);padding-bottom:var(--wp--preset--spacing--l)\">\n<div class=\"wp-block-columns alignwide is-layout-flex wp-container-core-columns-is-layout-f7d19e04 wp-block-columns-is-layout-flex\" style=\"padding-top:var(--wp--preset--spacing--m)\">\n<div class=\"wp-block-column has-gray-background-color has-background is-layout-flow wp-block-column-is-layout-flow\">\n<figure class=\"wp-block-image size-full\"><img loading=\"lazy\" decoding=\"async\" width=\"800\" height=\"450\" src=\"https:\/\/www.softwareag.com\/app\/uploads\/2025\/10\/SVD3_Small.jpg\" alt=\"soccer players high-fiving each other\" class=\"wp-image-3333\" srcset=\"https:\/\/www.softwareag.com\/app\/uploads\/2025\/10\/SVD3_Small.jpg 800w, https:\/\/www.softwareag.com\/app\/uploads\/2025\/10\/SVD3_Small-300x169.jpg 300w, https:\/\/www.softwareag.com\/app\/uploads\/2025\/10\/SVD3_Small-768x432.jpg 768w, https:\/\/www.softwareag.com\/app\/uploads\/2025\/10\/SVD3_Small-18x10.jpg 18w\" sizes=\"auto, (max-width: 800px) 100vw, 800px\" \/><\/figure>\n\n\n\n<h4 class=\"wp-block-heading\">Unsere au\u00dfergew\u00f6hnliche Partnerschaft<\/h4>\n\n\n\n<p>Gemeinsam wurde in den vergangenen Jahren gek\u00e4mpft und Fu\u00dfballgeschichte geschrieben. Wir bleiben #DA!<\/p>\n\n\n\n<div class=\"wp-block-buttons is-layout-flex wp-block-buttons-is-layout-flex\" style=\"margin-top:0\">\n<div class=\"wp-block-button is-style-secondary-button is-style-secondary-button--1\"><a class=\"wp-block-button__link wp-element-button\" href=\"#partnerschaft\"><strong>Mehr erfahren<\/strong><\/a><\/div>\n<\/div>\n<\/div>\n\n\n\n<div class=\"wp-block-column has-gray-background-color has-background is-layout-flow wp-block-column-is-layout-flow\">\n<figure class=\"wp-block-image size-full\"><img loading=\"lazy\" decoding=\"async\" width=\"800\" height=\"450\" src=\"https:\/\/www.softwareag.com\/app\/uploads\/2025\/10\/2020-2-WebBanner-Hero-Flow-Pulse-CoreDark-6_Small.jpg\" alt=\"abstract swirls from Software AG\" class=\"wp-image-3334\" srcset=\"https:\/\/www.softwareag.com\/app\/uploads\/2025\/10\/2020-2-WebBanner-Hero-Flow-Pulse-CoreDark-6_Small.jpg 800w, https:\/\/www.softwareag.com\/app\/uploads\/2025\/10\/2020-2-WebBanner-Hero-Flow-Pulse-CoreDark-6_Small-300x169.jpg 300w, https:\/\/www.softwareag.com\/app\/uploads\/2025\/10\/2020-2-WebBanner-Hero-Flow-Pulse-CoreDark-6_Small-768x432.jpg 768w, https:\/\/www.softwareag.com\/app\/uploads\/2025\/10\/2020-2-WebBanner-Hero-Flow-Pulse-CoreDark-6_Small-18x10.jpg 18w\" sizes=\"auto, (max-width: 800px) 100vw, 800px\" \/><\/figure>\n\n\n\n<h4 class=\"wp-block-heading\">Unsere Software im Alltag<\/h4>\n\n\n\n<p>Unsere Kundenprojekte \u200bveranschaulichen, wie unsere Software erfolgreich eingesetzt wird.\u200b<\/p>\n\n\n\n<div class=\"wp-block-buttons is-layout-flex wp-block-buttons-is-layout-flex\" style=\"margin-top:0\">\n<div class=\"wp-block-button is-style-secondary-button is-style-secondary-button--2\"><a class=\"wp-block-button__link wp-element-button\" href=\"#alltag\"><strong>Mehr erfahren<\/strong><\/a><\/div>\n<\/div>\n<\/div>\n\n\n\n<div class=\"wp-block-column has-gray-background-color has-background is-layout-flow wp-block-column-is-layout-flow\">\n<figure class=\"wp-block-image size-full\"><img loading=\"lazy\" decoding=\"async\" width=\"588\" height=\"331\" src=\"https:\/\/www.softwareag.com\/app\/uploads\/2025\/10\/Students_SV98_2_Small.jpg\" alt=\"team of coworkers making silly gestures\" class=\"wp-image-3335\" srcset=\"https:\/\/www.softwareag.com\/app\/uploads\/2025\/10\/Students_SV98_2_Small.jpg 588w, https:\/\/www.softwareag.com\/app\/uploads\/2025\/10\/Students_SV98_2_Small-300x169.jpg 300w, https:\/\/www.softwareag.com\/app\/uploads\/2025\/10\/Students_SV98_2_Small-18x10.jpg 18w\" sizes=\"auto, (max-width: 588px) 100vw, 588px\" \/><\/figure>\n\n\n\n<h4 class=\"wp-block-heading\">Ein starkes Team<\/h4>\n\n\n\n<p>Unsere Mitarbeitenden sind unser gr\u00f6\u00dftes Kapital. Wir bieten ihnen vielf\u00e4ltige Angebote und M\u00f6glichkeiten, die eine gute Work-Life-Balance f\u00f6rdern. Dazu geh\u00f6ren auch die besonderen Momente, die unsere Mitarbeitenden aufgrund unserer Partnerschaft mit dem SV Darmstadt 98 erleben.<\/p>\n\n\n\n<div class=\"wp-block-buttons is-layout-flex wp-block-buttons-is-layout-flex\" style=\"margin-top:0\">\n<div class=\"wp-block-button is-style-secondary-button is-style-secondary-button--3\"><a class=\"wp-block-button__link wp-element-button\" href=\"#unserteam\"><strong>Mehr erfahren<\/strong><\/a><\/div>\n<\/div>\n<\/div>\n<\/div>\n\n\n\n<div class=\"wp-block-columns alignwide is-layout-flex wp-container-core-columns-is-layout-f7d19e04 wp-block-columns-is-layout-flex\" style=\"padding-top:var(--wp--preset--spacing--m)\">\n<div class=\"wp-block-column has-gray-background-color has-background is-layout-flow wp-block-column-is-layout-flow\" style=\"flex-basis:27.8%\">\n<figure class=\"wp-block-image size-full\"><img loading=\"lazy\" decoding=\"async\" width=\"800\" height=\"450\" src=\"https:\/\/www.softwareag.com\/app\/uploads\/2025\/10\/E-Sportler-22_23-42-1024x683_Small.jpg\" alt=\"team of five football players\" class=\"wp-image-3336\" srcset=\"https:\/\/www.softwareag.com\/app\/uploads\/2025\/10\/E-Sportler-22_23-42-1024x683_Small.jpg 800w, https:\/\/www.softwareag.com\/app\/uploads\/2025\/10\/E-Sportler-22_23-42-1024x683_Small-300x169.jpg 300w, https:\/\/www.softwareag.com\/app\/uploads\/2025\/10\/E-Sportler-22_23-42-1024x683_Small-768x432.jpg 768w, https:\/\/www.softwareag.com\/app\/uploads\/2025\/10\/E-Sportler-22_23-42-1024x683_Small-18x10.jpg 18w\" sizes=\"auto, (max-width: 800px) 100vw, 800px\" \/><\/figure>\n\n\n\n<h4 class=\"wp-block-heading\">eFootball<\/h4>\n\n\n\n<p>Wir sind offizieller eMainsponsor der eLilien. Wie funktioniert die Virtual Bundesliga (VBL) und was ist das genau?<\/p>\n\n\n\n<div class=\"wp-block-buttons is-layout-flex wp-block-buttons-is-layout-flex\" style=\"margin-top:0\">\n<div class=\"wp-block-button is-style-secondary-button is-style-secondary-button--4\"><a class=\"wp-block-button__link wp-element-button\" href=\"https:\/\/www.softwareag.com\/efootball\/\"><strong>Mehr erfahren<\/strong><\/a><\/div>\n<\/div>\n<\/div>\n\n\n\n<div class=\"wp-block-column has-gray-background-color has-background is-layout-flow wp-block-column-is-layout-flow\" style=\"flex-basis:27.8%\">\n<figure class=\"wp-block-image size-full\"><img loading=\"lazy\" decoding=\"async\" width=\"800\" height=\"450\" src=\"https:\/\/www.softwareag.com\/app\/uploads\/2025\/10\/SVD-Mannschaft-2022-22-Foto-arthur-schoenbein_Small.jpg\" alt=\"team of soccer players\" class=\"wp-image-3337\" srcset=\"https:\/\/www.softwareag.com\/app\/uploads\/2025\/10\/SVD-Mannschaft-2022-22-Foto-arthur-schoenbein_Small.jpg 800w, https:\/\/www.softwareag.com\/app\/uploads\/2025\/10\/SVD-Mannschaft-2022-22-Foto-arthur-schoenbein_Small-300x169.jpg 300w, https:\/\/www.softwareag.com\/app\/uploads\/2025\/10\/SVD-Mannschaft-2022-22-Foto-arthur-schoenbein_Small-768x432.jpg 768w, https:\/\/www.softwareag.com\/app\/uploads\/2025\/10\/SVD-Mannschaft-2022-22-Foto-arthur-schoenbein_Small-18x10.jpg 18w\" sizes=\"auto, (max-width: 800px) 100vw, 800px\" \/><\/figure>\n\n\n\n<h4 class=\"wp-block-heading\">R\u00fcckblick: Software AG als Hauptsponsor<\/h4>\n\n\n\n<p>15 Jahre Partnerschaft:<br>2008 &#8211; 2023<\/p>\n\n\n\n<p><\/p>\n\n\n\n<div class=\"wp-block-buttons is-layout-flex wp-block-buttons-is-layout-flex\" style=\"margin-top:0\">\n<div class=\"wp-block-button is-style-secondary-button is-style-secondary-button--5\"><a class=\"wp-block-button__link wp-element-button\" href=\"#hauptsponsor\"><strong>Mehr erfahren<\/strong><\/a><\/div>\n<\/div>\n<\/div>\n<\/div>\n<\/div>\n\n\n\n<h2 class=\"wp-block-heading has-text-align-center\">Zusammen ein starkes Team\u200b<\/h2>\n\n\n\n    <section\n        class=\"o-testimonials-slider\"\n        data-testimonials-slider\n        aria-label=\"Testimonials\"\n    >\n        <div class=\"o-testimonials-slider__inner\">\n            \n            <div\n                id=\"testimonials-slider-6\"\n                class=\"o-testimonials-slider__viewport swiper\"\n                tabindex=\"0\"\n            >\n                <div class=\"o-testimonials-slider__track swiper-wrapper\" role=\"list\">\n                                            <article\n                            class=\"o-testimonials-slider__slide swiper-slide\"\n                            role=\"listitem\"\n                            aria-label=\"Testimonial 1 of 1\"\n                        >\n                            <blockquote class=\"o-testimonials-slider__quote\">\n                                <p>\n                                    <span class=\"quotation--opening\">\u201c<\/span>\n                                    &#8230;Unser sportlicher und wirtschaftlicher Turnaround ist eng mit der Unterst\u00fctzung der Software AG verbunden. In anderen Bereichen des Gesamtvereins sowie im sozialen Bereich hat das Unternehmen ebenfalls gro\u00dfe Spuren hinterlassen. Wir freuen uns deshalb sehr, die Zusammenarbeit \u2013 auch wenn es auf einer anderen Ebene ist \u2013 fortzusetzen und weiterhin einen so starken und zuverl\u00e4ssigen Partner an unserer Seite zu wissen.\n                                    <span class=\"quotation--closing\">\u201d<\/span>\n                                <\/p>\n                            <\/blockquote>\n\n                                                            <p class=\"o-testimonials-slider__attribution\">\n                                    <span\n                                        class=\"o-testimonials-slider__attribution-line o-testimonials-slider__attribution-line--person\"\n                                    >\n                                        <span\n                                            class=\"o-testimonials-slider__attribution-marker\"\n                                            aria-hidden=\"true\"\n                                        >\n                                            \u2014\n                                        <\/span>\n                                                                                <span>R\u00fcdiger Fritsch, Pr\u00e4sident<\/span>\n                                        <\/span>\n\n                                                                            <span\n                                            class=\"o-testimonials-slider__attribution-line o-testimonials-slider__attribution-line--company\"\n                                        >\n                                                                                            <span>SV Darmstadt 98<\/span>\n                                                                                    <\/span>\n                                                                    <\/p>\n                                                    <\/article>\n                                    <\/div>\n            <\/div>\n\n                    <\/div>\n    <\/section>\n\n\n\n<figure class=\"wp-block-image size-full\"><img loading=\"lazy\" decoding=\"async\" width=\"200\" height=\"200\" src=\"https:\/\/www.softwareag.com\/app\/uploads\/2025\/10\/SV98_Logo_SV98.jpg\" alt=\"Sportverein Darmstadt logo\" class=\"wp-image-3340\" srcset=\"https:\/\/www.softwareag.com\/app\/uploads\/2025\/10\/SV98_Logo_SV98.jpg 200w, https:\/\/www.softwareag.com\/app\/uploads\/2025\/10\/SV98_Logo_SV98-150x150.jpg 150w, https:\/\/www.softwareag.com\/app\/uploads\/2025\/10\/SV98_Logo_SV98-12x12.jpg 12w\" sizes=\"auto, (max-width: 200px) 100vw, 200px\" \/><\/figure>\n\n\n\n<details class=\"wp-block-details is-layout-flow wp-block-details-is-layout-flow\"><summary><strong>2008-2013<\/strong><\/summary>\n<div class=\"wp-block-columns is-layout-flex wp-container-core-columns-is-layout-28f84493 wp-block-columns-is-layout-flex\">\n<div class=\"wp-block-column is-layout-flow wp-block-column-is-layout-flow\">\n<h2 class=\"wp-block-heading\">2008-2010<\/h2>\n\n\n\n<h4 class=\"wp-block-heading\">In guten wie in schlechten Zeiten &#8211; Der Beginn einer au\u00dfergew\u00f6hnlichen Partnerschaft<\/h4>\n\n\n\n<p>Im Jahr 2008 begann die gemeinsame Reise der Software AG und der damals finanziell angeschlagenen Lilien. Trotz der schwierigen Umst\u00e4nde gelang es den Beteiligten, mit unerm\u00fcdlichem Teamgeist und gro\u00dfem Verantwortungsbewusstsein die Weichen f\u00fcr eine bessere Zukunft zu stellen.<\/p>\n\n\n\n<p>In einer beispiellosen Anstrengung konnten die Beteiligten als Einheit die Lilien wieder auf Erfolgskurs bringen. Der Weg f\u00fcr eine einzigartige Partnerschaft war frei.<\/p>\n<\/div>\n\n\n\n<div class=\"wp-block-column is-layout-flow wp-block-column-is-layout-flow\">\n<figure class=\"wp-block-image size-large\"><img loading=\"lazy\" decoding=\"async\" width=\"1024\" height=\"683\" src=\"https:\/\/www.softwareag.com\/app\/uploads\/2025\/10\/Saison2021_22_Spieltag26_5887-1024x683.jpg\" alt=\"\" class=\"wp-image-3341\" srcset=\"https:\/\/www.softwareag.com\/app\/uploads\/2025\/10\/Saison2021_22_Spieltag26_5887-1024x683.jpg 1024w, https:\/\/www.softwareag.com\/app\/uploads\/2025\/10\/Saison2021_22_Spieltag26_5887-300x200.jpg 300w, https:\/\/www.softwareag.com\/app\/uploads\/2025\/10\/Saison2021_22_Spieltag26_5887-768x512.jpg 768w, https:\/\/www.softwareag.com\/app\/uploads\/2025\/10\/Saison2021_22_Spieltag26_5887-18x12.jpg 18w, https:\/\/www.softwareag.com\/app\/uploads\/2025\/10\/Saison2021_22_Spieltag26_5887.jpg 1400w\" sizes=\"auto, (max-width: 1024px) 100vw, 1024px\" \/><\/figure>\n<\/div>\n<\/div>\n\n\n\n<div class=\"wp-block-columns is-layout-flex wp-container-core-columns-is-layout-28f84493 wp-block-columns-is-layout-flex\">\n<div class=\"wp-block-column is-layout-flow wp-block-column-is-layout-flow\">\n<figure class=\"wp-block-image size-large\"><img loading=\"lazy\" decoding=\"async\" width=\"1024\" height=\"683\" src=\"https:\/\/www.softwareag.com\/app\/uploads\/2025\/10\/SVDvsSVW_045_7546_SV-98-1024x683.jpg\" alt=\"\" class=\"wp-image-3342\" srcset=\"https:\/\/www.softwareag.com\/app\/uploads\/2025\/10\/SVDvsSVW_045_7546_SV-98-1024x683.jpg 1024w, https:\/\/www.softwareag.com\/app\/uploads\/2025\/10\/SVDvsSVW_045_7546_SV-98-300x200.jpg 300w, https:\/\/www.softwareag.com\/app\/uploads\/2025\/10\/SVDvsSVW_045_7546_SV-98-768x512.jpg 768w, https:\/\/www.softwareag.com\/app\/uploads\/2025\/10\/SVDvsSVW_045_7546_SV-98-18x12.jpg 18w, https:\/\/www.softwareag.com\/app\/uploads\/2025\/10\/SVDvsSVW_045_7546_SV-98.jpg 1400w\" sizes=\"auto, (max-width: 1024px) 100vw, 1024px\" \/><\/figure>\n<\/div>\n\n\n\n<div class=\"wp-block-column is-layout-flow wp-block-column-is-layout-flow\">\n<h2 class=\"wp-block-heading\">2010-2013<\/h2>\n\n\n\n<h4 class=\"wp-block-heading\">Ein Auf und Ab der Emotionen<\/h4>\n\n\n\n<p>Der SV Darmstadt 98 schien sich langsam zu erholen. In der Saison 2010\/11 schafften die Lilien sogar den Aufstieg in die 3. Liga und zun\u00e4chst auch den Klassenerhalt. Im Jahr darauf jedoch war der Abstieg sportlich schon besiegelt. Doch dann erhielt Kickers Offenbach keine Lizenz f\u00fcr die neue Spielzeit, und Lilien verblieben in der dritten Liga.<\/p>\n<\/div>\n<\/div>\n<\/details>\n\n\n\n<details class=\"wp-block-details is-layout-flow wp-block-details-is-layout-flow\"><summary><strong>2013-2014<\/strong><\/summary>\n<div class=\"wp-block-columns is-layout-flex wp-container-core-columns-is-layout-28f84493 wp-block-columns-is-layout-flex\">\n<div class=\"wp-block-column is-layout-flow wp-block-column-is-layout-flow\">\n<h2 class=\"wp-block-heading\">2013-2014<\/h2>\n\n\n\n<h4 class=\"wp-block-heading\">Der Aufstieg in die 2. Bundesliga<\/h4>\n\n\n\n<p>IAls \u00dcberraschungsmannschaft schafften es die Lilien in der Saison 2013\/14 in die Relegation f\u00fcr die 2. Liga und mussten als \u201eUnderdog&#8221; gegen Arminia Bielefeld antreten.<\/p>\n\n\n\n<p>Das Hinspiel gegen Bielefeld ging mit 1:3 verloren. Doch das R\u00fcckspiel geh\u00f6rt wohl zu den Spielen, die unter die Rubrik \u201eFu\u00dfballwunder\u201c fallen. Elton da Costa erzielte durch einen Side-Volley wie aus dem Lehrbuch in der 118. Minute den entscheidenden Treffer zum Aufstieg.<\/p>\n\n\n\n<p>Einen wichtigen Anteil an diesem Erfolg hatte auch Jonathan Heimes mit seiner Kampagne \u201eDu musst k\u00e4mpfen\u201c.<\/p>\n<\/div>\n\n\n\n<div class=\"wp-block-column is-layout-flow wp-block-column-is-layout-flow\">\n<figure class=\"wp-block-image size-large\"><img loading=\"lazy\" decoding=\"async\" width=\"1024\" height=\"683\" src=\"https:\/\/www.softwareag.com\/app\/uploads\/2025\/10\/SVDHeidenheim_064_5084_SV98-1024x683.jpg\" alt=\"\" class=\"wp-image-3348\" srcset=\"https:\/\/www.softwareag.com\/app\/uploads\/2025\/10\/SVDHeidenheim_064_5084_SV98-1024x683.jpg 1024w, https:\/\/www.softwareag.com\/app\/uploads\/2025\/10\/SVDHeidenheim_064_5084_SV98-300x200.jpg 300w, https:\/\/www.softwareag.com\/app\/uploads\/2025\/10\/SVDHeidenheim_064_5084_SV98-768x512.jpg 768w, https:\/\/www.softwareag.com\/app\/uploads\/2025\/10\/SVDHeidenheim_064_5084_SV98-18x12.jpg 18w, https:\/\/www.softwareag.com\/app\/uploads\/2025\/10\/SVDHeidenheim_064_5084_SV98.jpg 1400w\" sizes=\"auto, (max-width: 1024px) 100vw, 1024px\" \/><\/figure>\n<\/div>\n<\/div>\n\n\n\n<div class=\"wp-block-columns is-layout-flex wp-container-core-columns-is-layout-28f84493 wp-block-columns-is-layout-flex\">\n<div class=\"wp-block-column is-layout-flow wp-block-column-is-layout-flow\">\n<figure class=\"wp-block-image size-large\"><img loading=\"lazy\" decoding=\"async\" width=\"1024\" height=\"768\" src=\"https:\/\/www.softwareag.com\/app\/uploads\/2025\/10\/SVDvsSVW_107_7731_SV98_2_Medium-1024x768.jpg\" alt=\"\" class=\"wp-image-3349\" srcset=\"https:\/\/www.softwareag.com\/app\/uploads\/2025\/10\/SVDvsSVW_107_7731_SV98_2_Medium-1024x768.jpg 1024w, https:\/\/www.softwareag.com\/app\/uploads\/2025\/10\/SVDvsSVW_107_7731_SV98_2_Medium-300x225.jpg 300w, https:\/\/www.softwareag.com\/app\/uploads\/2025\/10\/SVDvsSVW_107_7731_SV98_2_Medium-768x576.jpg 768w, https:\/\/www.softwareag.com\/app\/uploads\/2025\/10\/SVDvsSVW_107_7731_SV98_2_Medium-16x12.jpg 16w, https:\/\/www.softwareag.com\/app\/uploads\/2025\/10\/SVDvsSVW_107_7731_SV98_2_Medium.jpg 1400w\" sizes=\"auto, (max-width: 1024px) 100vw, 1024px\" \/><\/figure>\n<\/div>\n\n\n\n<div class=\"wp-block-column is-layout-flow wp-block-column-is-layout-flow\">\n<h2 class=\"wp-block-heading\">2014-2015<\/h2>\n\n\n\n<h4 class=\"wp-block-heading\">Nach 33 Jahren wieder erstklassig!<\/h4>\n\n\n\n<p>Im Jahr darauf \u00fcbertraf man abermals die Erwartungen und konnte eine tolle Saison mit dem Aufstieg in Deutschlands h\u00f6chste Spielklasse (1.Bundesliga) kr\u00f6nen.<\/p>\n\n\n\n<p>Die Stadt feierte die ganze Nacht ihr blau-wei\u00dfes Fu\u00dfballm\u00e4rchen, Darmstadt stand wieder einmal Kopf!<\/p>\n<\/div>\n<\/div>\n<\/details>\n\n\n\n<details class=\"wp-block-details is-layout-flow wp-block-details-is-layout-flow\"><summary><strong>2015-2018<\/strong><\/summary>\n<div class=\"wp-block-columns is-layout-flex wp-container-core-columns-is-layout-28f84493 wp-block-columns-is-layout-flex\">\n<div class=\"wp-block-column is-layout-flow wp-block-column-is-layout-flow\">\n<h2 class=\"wp-block-heading\">2015-2016<\/h2>\n\n\n\n<h4 class=\"wp-block-heading\">Abenteuer Bundesliga und Klassenerhalt<\/h4>\n\n\n\n<p>Die Lilien setzten den eingeschlagenen Weg fort und mischten die 1. Bundesliga mit ihrer \u201eFu\u00dfball-pur\u201c-Mentalit\u00e4t auf. Durch Willen und Kampfgeist konnte sich das Team Punkt f\u00fcr Punkt erk\u00e4mpfen und den Klassenerhalt sichern. Sogar den Nachbarn aus Frankfurt lie\u00df man hinter sich!<\/p>\n<\/div>\n\n\n\n<div class=\"wp-block-column is-layout-flow wp-block-column-is-layout-flow\">\n<figure class=\"wp-block-image size-large\"><img loading=\"lazy\" decoding=\"async\" width=\"1024\" height=\"683\" src=\"https:\/\/www.softwareag.com\/app\/uploads\/2025\/10\/SVDHeidenheim_065_5086_SV98-1024x683.jpg\" alt=\"\" class=\"wp-image-3350\" srcset=\"https:\/\/www.softwareag.com\/app\/uploads\/2025\/10\/SVDHeidenheim_065_5086_SV98-1024x683.jpg 1024w, https:\/\/www.softwareag.com\/app\/uploads\/2025\/10\/SVDHeidenheim_065_5086_SV98-300x200.jpg 300w, https:\/\/www.softwareag.com\/app\/uploads\/2025\/10\/SVDHeidenheim_065_5086_SV98-768x512.jpg 768w, https:\/\/www.softwareag.com\/app\/uploads\/2025\/10\/SVDHeidenheim_065_5086_SV98-18x12.jpg 18w, https:\/\/www.softwareag.com\/app\/uploads\/2025\/10\/SVDHeidenheim_065_5086_SV98.jpg 1400w\" sizes=\"auto, (max-width: 1024px) 100vw, 1024px\" \/><\/figure>\n<\/div>\n<\/div>\n\n\n\n<div class=\"wp-block-columns is-layout-flex wp-container-core-columns-is-layout-28f84493 wp-block-columns-is-layout-flex\">\n<div class=\"wp-block-column is-layout-flow wp-block-column-is-layout-flow\">\n<figure class=\"wp-block-image size-large\"><img loading=\"lazy\" decoding=\"async\" width=\"1024\" height=\"683\" src=\"https:\/\/www.softwareag.com\/app\/uploads\/2025\/10\/SVDHeidenheim_085_5310_SV98-1024x683.jpg\" alt=\"\" class=\"wp-image-3351\" srcset=\"https:\/\/www.softwareag.com\/app\/uploads\/2025\/10\/SVDHeidenheim_085_5310_SV98-1024x683.jpg 1024w, https:\/\/www.softwareag.com\/app\/uploads\/2025\/10\/SVDHeidenheim_085_5310_SV98-300x200.jpg 300w, https:\/\/www.softwareag.com\/app\/uploads\/2025\/10\/SVDHeidenheim_085_5310_SV98-768x512.jpg 768w, https:\/\/www.softwareag.com\/app\/uploads\/2025\/10\/SVDHeidenheim_085_5310_SV98-18x12.jpg 18w, https:\/\/www.softwareag.com\/app\/uploads\/2025\/10\/SVDHeidenheim_085_5310_SV98.jpg 1400w\" sizes=\"auto, (max-width: 1024px) 100vw, 1024px\" \/><\/figure>\n<\/div>\n\n\n\n<div class=\"wp-block-column is-layout-flow wp-block-column-is-layout-flow\">\n<h2 class=\"wp-block-heading\">2016-2017<\/h2>\n\n\n\n<h4 class=\"wp-block-heading\">Der Abstieg<\/h4>\n\n\n\n<p>In der darauffolgenden Saison konnten die Lilien den Abstieg leider nicht verhindern.<\/p>\n\n\n\n<p><a href=\"https:\/\/www.youtube.com\/watch?v=1cafTY1hx8E\" target=\"_blank\" rel=\"noreferrer noopener\">Hier<\/a>&nbsp;geht es zum Abschiedsvideo aus der 1. Bundesliga.<\/p>\n\n\n\n<p><a href=\"https:\/\/www.youtube.com\/watch?v=1cafTY1hx8E\" target=\"_blank\" rel=\"noreferrer noopener\"><\/a><\/p>\n<\/div>\n<\/div>\n\n\n\n<div class=\"wp-block-columns is-layout-flex wp-container-core-columns-is-layout-28f84493 wp-block-columns-is-layout-flex\">\n<div class=\"wp-block-column is-layout-flow wp-block-column-is-layout-flow\">\n<h2 class=\"wp-block-heading\">2017-2018<\/h2>\n\n\n\n<h4 class=\"wp-block-heading\">Etablierung in der 2. Bundesliga<\/h4>\n\n\n\n<p>Innerhalb von vier Jahren war das Darmst\u00e4dter Team zweimal aufgestiegen und einmal abgestiegen. Nach diesen turbulenten Jahren kehrte ab der Saison 2017\/2018 Ruhe ein. Die Manschafft schaffte es, sich langfristig in der 2. Bundesliga zu etablieren, und geh\u00f6rt nun zu Deutschlands Top-Fu\u00dfballvereinen.<\/p>\n<\/div>\n\n\n\n<div class=\"wp-block-column is-layout-flow wp-block-column-is-layout-flow\">\n<figure class=\"wp-block-image size-large\"><img loading=\"lazy\" decoding=\"async\" width=\"1024\" height=\"683\" src=\"https:\/\/www.softwareag.com\/app\/uploads\/2025\/10\/SVDHeidenheim_010_3350_SV98-1024x683.jpg\" alt=\"\" class=\"wp-image-3352\" srcset=\"https:\/\/www.softwareag.com\/app\/uploads\/2025\/10\/SVDHeidenheim_010_3350_SV98-1024x683.jpg 1024w, https:\/\/www.softwareag.com\/app\/uploads\/2025\/10\/SVDHeidenheim_010_3350_SV98-300x200.jpg 300w, https:\/\/www.softwareag.com\/app\/uploads\/2025\/10\/SVDHeidenheim_010_3350_SV98-768x512.jpg 768w, https:\/\/www.softwareag.com\/app\/uploads\/2025\/10\/SVDHeidenheim_010_3350_SV98-18x12.jpg 18w, https:\/\/www.softwareag.com\/app\/uploads\/2025\/10\/SVDHeidenheim_010_3350_SV98.jpg 1400w\" sizes=\"auto, (max-width: 1024px) 100vw, 1024px\" \/><\/figure>\n<\/div>\n<\/div>\n<\/details>\n\n\n\n<details class=\"wp-block-details is-layout-flow wp-block-details-is-layout-flow\"><summary><strong>2018-2023<\/strong><\/summary>\n<div class=\"wp-block-columns is-layout-flex wp-container-core-columns-is-layout-28f84493 wp-block-columns-is-layout-flex\">\n<div class=\"wp-block-column is-layout-flow wp-block-column-is-layout-flow\">\n<h2 class=\"wp-block-heading\">2018-2023<\/h2>\n\n\n\n<h4 class=\"wp-block-heading\">Offizieller Hauptsponsor und eMainsponsor<\/h4>\n\n\n\n<p>Seit der Saison 2018\/19 haben wir unser Engagement im eFootball erweitert und sind offizieller eMainsponsor des Lilien-eSport-Teams.<\/p>\n\n\n\n<div class=\"wp-block-buttons is-layout-flex wp-block-buttons-is-layout-flex\">\n<div class=\"wp-block-button is-style-secondary-button is-style-secondary-button--7\"><a class=\"wp-block-button__link wp-element-button\" href=\"https:\/\/www.softwareag.com\/de_de\/company\/lilien\/efootball.html\"><strong>Mehr zum eFootball<\/strong><\/a><\/div>\n<\/div>\n\n\n\n<p><a href=\"https:\/\/www.softwareag.com\/de_de\/company\/lilien\/efootball.html\" target=\"_blank\" rel=\"noreferrer noopener\"><\/a><\/p>\n<\/div>\n\n\n\n<div class=\"wp-block-column is-layout-flow wp-block-column-is-layout-flow\">\n<figure class=\"wp-block-image size-large\"><img loading=\"lazy\" decoding=\"async\" width=\"1024\" height=\"579\" src=\"https:\/\/www.softwareag.com\/app\/uploads\/2025\/10\/eFootball_1021_1-1024x579.jpg\" alt=\"\" class=\"wp-image-3353\" srcset=\"https:\/\/www.softwareag.com\/app\/uploads\/2025\/10\/eFootball_1021_1-1024x579.jpg 1024w, https:\/\/www.softwareag.com\/app\/uploads\/2025\/10\/eFootball_1021_1-300x170.jpg 300w, https:\/\/www.softwareag.com\/app\/uploads\/2025\/10\/eFootball_1021_1-768x434.jpg 768w, https:\/\/www.softwareag.com\/app\/uploads\/2025\/10\/eFootball_1021_1-18x10.jpg 18w, https:\/\/www.softwareag.com\/app\/uploads\/2025\/10\/eFootball_1021_1.jpg 1400w\" sizes=\"auto, (max-width: 1024px) 100vw, 1024px\" \/><\/figure>\n<\/div>\n<\/div>\n\n\n\n<div class=\"wp-block-columns is-layout-flex wp-container-core-columns-is-layout-28f84493 wp-block-columns-is-layout-flex\">\n<div class=\"wp-block-column is-layout-flow wp-block-column-is-layout-flow\">\n<figure class=\"wp-block-image size-large\"><img loading=\"lazy\" decoding=\"async\" width=\"1024\" height=\"529\" src=\"https:\/\/www.softwareag.com\/app\/uploads\/2025\/10\/Uffstiesch_v2-1024x529.jpg\" alt=\"\" class=\"wp-image-3354\" srcset=\"https:\/\/www.softwareag.com\/app\/uploads\/2025\/10\/Uffstiesch_v2-1024x529.jpg 1024w, https:\/\/www.softwareag.com\/app\/uploads\/2025\/10\/Uffstiesch_v2-300x155.jpg 300w, https:\/\/www.softwareag.com\/app\/uploads\/2025\/10\/Uffstiesch_v2-768x397.jpg 768w, https:\/\/www.softwareag.com\/app\/uploads\/2025\/10\/Uffstiesch_v2-18x9.jpg 18w, https:\/\/www.softwareag.com\/app\/uploads\/2025\/10\/Uffstiesch_v2.jpg 1280w\" sizes=\"auto, (max-width: 1024px) 100vw, 1024px\" \/><\/figure>\n<\/div>\n\n\n\n<div class=\"wp-block-column is-layout-flow wp-block-column-is-layout-flow\">\n<h2 class=\"wp-block-heading\">Saison 2022\/2023<\/h2>\n\n\n\n<h4 class=\"wp-block-heading\">Gude, Bundesliga!<\/h4>\n\n\n\n<div class=\"wp-block-buttons is-layout-flex wp-block-buttons-is-layout-flex\">\n<div class=\"wp-block-button is-style-secondary-button is-style-secondary-button--8\"><a class=\"wp-block-button__link wp-element-button\" href=\"https:\/\/www.sv98.de\/uffstiesch-der-schluessel-zum-erfolg\/\"><strong><strong>Mehr erfahren<\/strong><\/strong><\/a><\/div>\n<\/div>\n<\/div>\n<\/div>\n<\/details>\n\n\n\n<details class=\"wp-block-details is-layout-flow wp-block-details-is-layout-flow\"><summary><strong><strong>Ab Juli 2023<\/strong><\/strong><\/summary>\n<div class=\"wp-block-columns is-layout-flex wp-container-core-columns-is-layout-28f84493 wp-block-columns-is-layout-flex\">\n<div class=\"wp-block-column is-layout-flow wp-block-column-is-layout-flow\">\n<h2 class=\"wp-block-heading\">Software AG verl\u00e4ngert Vertrag: Vom Hauptsponsor zum Premium- und Digitalpartner<\/h2>\n\n\n\n<p>Die vertrauensvolle Partnerschaft des SV Darmstadt 98 und der Software AG bleibt auch in Zukunft bestehen \u2013 jedoch in ver\u00e4nderter Form: Der s\u00fcdhessische Klub und das in Darmstadt ans\u00e4ssige Unternehmen einigten sich auf eine vorzeitige Vertragsverl\u00e4ngerung bis Juni 2028. Nach \u00fcber einem Jahrzehnt wird die Software AG sp\u00e4testens zur Saison 2024\/25 nicht mehr als Hauptsponsor und somit auch als Trikotsponsor fungieren. Der Anbieter von Software-L\u00f6sungen bleibt dem SV 98 aber als Premiumpartner erhalten. Sollte der SV 98 schon zur kommenden Spielzeit einen passenden Hauptsponsor finden, wird der Wechsel auf die Premiumpartner-Ebene bereits im Sommer vollzogen. Dar\u00fcber hinaus wird das Unternehmen die Lilien in ihrer digitalen Transformation weiterhin als Digitalpartner begleiten.<\/p>\n\n\n\n<div class=\"wp-block-buttons is-layout-flex wp-block-buttons-is-layout-flex\">\n<div class=\"wp-block-button is-style-secondary-button is-style-secondary-button--9\"><a class=\"wp-block-button__link wp-element-button\" href=\"https:\/\/www.softwareag.com\/de_de\/company\/lilien\/efootball.html\"><strong>Mehr erfahren<\/strong><\/a><\/div>\n<\/div>\n\n\n\n<p><a href=\"https:\/\/www.softwareag.com\/de_de\/company\/lilien\/efootball.html\" target=\"_blank\" rel=\"noreferrer noopener\"><\/a><\/p>\n<\/div>\n\n\n\n<div class=\"wp-block-column is-layout-flow wp-block-column-is-layout-flow\">\n<figure class=\"wp-block-image size-full\"><img loading=\"lazy\" decoding=\"async\" width=\"1024\" height=\"576\" src=\"https:\/\/www.softwareag.com\/app\/uploads\/2025\/10\/Software_AG_010323_HP-1024x576-1.jpg\" alt=\"\" class=\"wp-image-3355\" srcset=\"https:\/\/www.softwareag.com\/app\/uploads\/2025\/10\/Software_AG_010323_HP-1024x576-1.jpg 1024w, https:\/\/www.softwareag.com\/app\/uploads\/2025\/10\/Software_AG_010323_HP-1024x576-1-300x169.jpg 300w, https:\/\/www.softwareag.com\/app\/uploads\/2025\/10\/Software_AG_010323_HP-1024x576-1-768x432.jpg 768w, https:\/\/www.softwareag.com\/app\/uploads\/2025\/10\/Software_AG_010323_HP-1024x576-1-18x10.jpg 18w\" sizes=\"auto, (max-width: 1024px) 100vw, 1024px\" \/><\/figure>\n<\/div>\n<\/div>\n<\/details>\n\n\n\n<h2 class=\"wp-block-heading\" id=\"alltag\">Unsere Software im Alltag<\/h2>\n\n\n\n<div class=\"wp-block-columns is-layout-flex wp-container-core-columns-is-layout-28f84493 wp-block-columns-is-layout-flex\">\n<div class=\"wp-block-column is-layout-flow wp-block-column-is-layout-flow\">\n<h4 class=\"wp-block-heading\" id=\"unserteam\">Wo findet sich unsere Technologie wieder?<\/h4>\n\n\n\n<p>Und wof\u00fcr kann sie eingesetzt werden? Dieses Video gibt erste Einblicke. Dar\u00fcber hinaus haben wir noch viele&nbsp;weitere Erfolgsgeschichten.<\/p>\n<\/div>\n\n\n\n<div class=\"wp-block-column is-layout-flow wp-block-column-is-layout-flow\">\n<figure class=\"wp-block-embed is-type-video is-provider-vimeo wp-block-embed-vimeo wp-embed-aspect-16-9 wp-has-aspect-ratio\"><div class=\"wp-block-embed__wrapper\">\n<iframe loading=\"lazy\" src=\"https:\/\/player.vimeo.com\/video\/1129677608?dnt=1&amp;app_id=122963\" width=\"500\" height=\"281\" frameborder=\"0\" allow=\"autoplay; fullscreen; picture-in-picture; clipboard-write; encrypted-media; web-share\" referrerpolicy=\"strict-origin-when-cross-origin\"><\/iframe>\n<\/div><\/figure>\n<\/div>\n<\/div>\n\n\n\n<h3 class=\"wp-block-heading has-text-align-center\">Ein starkes Team\u200b<\/h3>\n\n\n\n<p class=\"has-text-align-center\">F\u00fcr uns als Softwareunternehmen sind die Mitarbeitenden unser wichtigstes Kapital. Ihr Wohl liegt uns sehr am Herzen. Deshalb bieten wir ihnen vielf\u00e4ltige Angebote und M\u00f6glichkeiten, die eine gute Work-Life-Balance f\u00f6rdern. Dabei helfen auch die besonderen Momente, die sie aufgrund unserer Partnerschaft mit dem SV Darmstadt 98 erleben.<br><br><\/p>\n\n\n\n<div class=\"wp-block-columns is-layout-flex wp-container-core-columns-is-layout-28f84493 wp-block-columns-is-layout-flex\">\n<div class=\"wp-block-column is-layout-flow wp-block-column-is-layout-flow\">\n<h4 class=\"wp-block-heading\">Ticketverlosung\u200b<\/h4>\n\n\n\n<p>Zu jedem Heimspiel verlosen wir unter unseren Mitarbeitenden Tickets, damit sie die besondere Stimmung am B\u00f6lle miterleben und die Lilien unterst\u00fctzen k\u00f6nnen.<\/p>\n<\/div>\n\n\n\n<div class=\"wp-block-column is-layout-flow wp-block-column-is-layout-flow\">\n<figure class=\"wp-block-image size-large\"><img loading=\"lazy\" decoding=\"async\" width=\"1024\" height=\"683\" src=\"https:\/\/www.softwareag.com\/app\/uploads\/2025\/10\/Saison2022-2023_Spieltag20_SVDEBS-6501-1024x683.jpg\" alt=\"crowd of soccer fans\" class=\"wp-image-3357\" srcset=\"https:\/\/www.softwareag.com\/app\/uploads\/2025\/10\/Saison2022-2023_Spieltag20_SVDEBS-6501-1024x683.jpg 1024w, https:\/\/www.softwareag.com\/app\/uploads\/2025\/10\/Saison2022-2023_Spieltag20_SVDEBS-6501-300x200.jpg 300w, https:\/\/www.softwareag.com\/app\/uploads\/2025\/10\/Saison2022-2023_Spieltag20_SVDEBS-6501-768x512.jpg 768w, https:\/\/www.softwareag.com\/app\/uploads\/2025\/10\/Saison2022-2023_Spieltag20_SVDEBS-6501-18x12.jpg 18w, https:\/\/www.softwareag.com\/app\/uploads\/2025\/10\/Saison2022-2023_Spieltag20_SVDEBS-6501.jpg 1400w\" sizes=\"auto, (max-width: 1024px) 100vw, 1024px\" \/><\/figure>\n<\/div>\n<\/div>\n\n\n\n<div class=\"wp-block-columns is-layout-flex wp-container-core-columns-is-layout-28f84493 wp-block-columns-is-layout-flex\">\n<div class=\"wp-block-column is-layout-flow wp-block-column-is-layout-flow\">\n<figure class=\"wp-block-image size-large\"><img loading=\"lazy\" decoding=\"async\" width=\"1024\" height=\"768\" src=\"https:\/\/www.softwareag.com\/app\/uploads\/2025\/10\/Liliencamps_SV98_Medium-1024x768.jpg\" alt=\"little kids playing soccer\" class=\"wp-image-3358\" srcset=\"https:\/\/www.softwareag.com\/app\/uploads\/2025\/10\/Liliencamps_SV98_Medium-1024x768.jpg 1024w, https:\/\/www.softwareag.com\/app\/uploads\/2025\/10\/Liliencamps_SV98_Medium-300x225.jpg 300w, https:\/\/www.softwareag.com\/app\/uploads\/2025\/10\/Liliencamps_SV98_Medium-768x576.jpg 768w, https:\/\/www.softwareag.com\/app\/uploads\/2025\/10\/Liliencamps_SV98_Medium-16x12.jpg 16w, https:\/\/www.softwareag.com\/app\/uploads\/2025\/10\/Liliencamps_SV98_Medium.jpg 1400w\" sizes=\"auto, (max-width: 1024px) 100vw, 1024px\" \/><\/figure>\n<\/div>\n\n\n\n<div class=\"wp-block-column is-layout-flow wp-block-column-is-layout-flow\">\n<h4 class=\"wp-block-heading\">Software AG-Lilien-F\u00f6rdertraining\u200b<\/h4>\n\n\n\n<p>Der SV Darmstadt 98 bietet bereits seit 2012 ein F\u00f6rdertraining an. Hierbei handelt es sich um ein w\u00f6chentliches F\u00f6rdertraining f\u00fcr die Stars von Morgen. In kleinen Gruppen mit maximal f\u00fcnfzehn Teilnehmern werden die Kinder von einem lizenzierten Jugendtrainer aus dem Nachwuchsleistungszentrum des SV 98 in den Bereichen Technik, Taktik und Koordination individuell betreut und gef\u00f6rdert.<\/p>\n\n\n\n<div class=\"wp-block-buttons is-layout-flex wp-block-buttons-is-layout-flex\">\n<div class=\"wp-block-button is-style-secondary-button is-style-secondary-button--10\"><a class=\"wp-block-button__link wp-element-button\" href=\"https:\/\/www.sv98.de\/junglilien\/fussballschule\/lilien-foerdertraining\/\">Mehr erfahren<\/a><\/div>\n<\/div>\n<\/div>\n<\/div>\n\n\n\n<div class=\"wp-block-columns is-layout-flex wp-container-core-columns-is-layout-28f84493 wp-block-columns-is-layout-flex\">\n<div class=\"wp-block-column is-layout-flow wp-block-column-is-layout-flow\">\n<h4 class=\"wp-block-heading\">Ausbildung oder Studium bei der Software AG\u200b<\/h4>\n\n\n\n<p>Du m\u00f6chtest bei einem der f\u00fchrenden Softwareanbieter arbeiten, flexible Arbeitszeiten und ein 13. Monatsgehalt erhalten? \u200b<\/p>\n\n\n\n<p>Dann bewirb Dich bei der Software AG!\u200b<\/p>\n\n\n\n<div class=\"wp-block-buttons is-layout-flex wp-block-buttons-is-layout-flex\">\n<div class=\"wp-block-button is-style-secondary-button is-style-secondary-button--11\"><a class=\"wp-block-button__link wp-element-button\" href=\"https:\/\/www.softwareag.com\/en\/company\/jobs\/\"><strong>Zum Jobportal<\/strong><\/a><\/div>\n<\/div>\n<\/div>\n\n\n\n<div class=\"wp-block-column is-layout-flow wp-block-column-is-layout-flow\">\n<figure class=\"wp-block-image size-full\"><img loading=\"lazy\" decoding=\"async\" width=\"520\" height=\"390\" src=\"https:\/\/www.softwareag.com\/app\/uploads\/2025\/10\/Students_SV98_Medium.jpg\" alt=\"team of coworkers making silly gestures\" class=\"wp-image-3359\" srcset=\"https:\/\/www.softwareag.com\/app\/uploads\/2025\/10\/Students_SV98_Medium.jpg 520w, https:\/\/www.softwareag.com\/app\/uploads\/2025\/10\/Students_SV98_Medium-300x225.jpg 300w, https:\/\/www.softwareag.com\/app\/uploads\/2025\/10\/Students_SV98_Medium-16x12.jpg 16w\" sizes=\"auto, (max-width: 520px) 100vw, 520px\" \/><\/figure>\n<\/div>\n<\/div>\n\n\n\n<h3 class=\"wp-block-heading has-text-align-center\" id=\"hauptsponsor\">R\u00fcckblick 2008-2023: Software AG offizieller Hauptsponsor<\/h3>\n\n\n\n<figure class=\"wp-block-pullquote\"><blockquote><p>Eine solch langfristige und freundschaftliche Partnerschaft ist einmalig in Fu\u00dfball-Deutschland!<\/p><cite><em>Michael Weilguny, Gesch\u00e4ftsf\u00fchrer des SV Darmstadt 98\u200b<\/em><\/cite><\/blockquote><\/figure>\n\n\n\n<div class=\"wp-block-columns is-layout-flex wp-container-core-columns-is-layout-28f84493 wp-block-columns-is-layout-flex\">\n<div class=\"wp-block-column is-layout-flow wp-block-column-is-layout-flow\">\n<h4 class=\"wp-block-heading\">Die Trikots des SV Darmstadt 98<\/h4>\n\n\n\n<p>Die Software AG als starker und zuverl\u00e4ssiger Partner auf der Brust der Lilien.<\/p>\n<\/div>\n\n\n\n<div class=\"wp-block-column is-layout-flow wp-block-column-is-layout-flow\">\n<figure class=\"wp-block-image size-full\"><img loading=\"lazy\" decoding=\"async\" width=\"1400\" height=\"1434\" src=\"https:\/\/www.softwareag.com\/app\/uploads\/2025\/10\/Team-Shirts-SV98-since-2008.jpg\" alt=\"soccer jerseys through the years\" class=\"wp-image-3360\" srcset=\"https:\/\/www.softwareag.com\/app\/uploads\/2025\/10\/Team-Shirts-SV98-since-2008.jpg 1400w, https:\/\/www.softwareag.com\/app\/uploads\/2025\/10\/Team-Shirts-SV98-since-2008-293x300.jpg 293w, https:\/\/www.softwareag.com\/app\/uploads\/2025\/10\/Team-Shirts-SV98-since-2008-1000x1024.jpg 1000w, https:\/\/www.softwareag.com\/app\/uploads\/2025\/10\/Team-Shirts-SV98-since-2008-768x787.jpg 768w, https:\/\/www.softwareag.com\/app\/uploads\/2025\/10\/Team-Shirts-SV98-since-2008-12x12.jpg 12w\" sizes=\"auto, (max-width: 1400px) 100vw, 1400px\" \/><\/figure>\n<\/div>\n<\/div>\n\n\n\n<h3 class=\"wp-block-heading has-text-align-center\">Im Zeichen der Lilie \u200b<\/h3>\n\n\n\n<p class=\"has-text-align-center\">Gesellschaftliche und soziale Verantwortung sind fest im Selbstverst\u00e4ndnis der Software AG verankert. Durch unseren Beitrag setzen wir als Unternehmen soziale Impulse f\u00fcr unsere Region, der wir uns in besonderer Weise verpflichtet f\u00fchlen. Schwerpunkt unseres Engagements ist die Inklusion von Menschen mit Behinderung. \u200b<\/p>\n\n\n\n<p class=\"has-text-align-center\">Im Rahmen der Kampagne \u201eIm Zeichen der Lilie\u201c ziehen viele Freiwillige gemeinsam an einem Strang. Auch unsere Mitarbeitenden sind mit gro\u00dfem Engagement dabei. Dieses Miteinander bei den verschiedenen Projekten macht den besonderen Spirit der Kampagne aus.\u200b<\/p>\n\n\n\n<figure class=\"wp-block-image aligncenter size-full\"><img loading=\"lazy\" decoding=\"async\" width=\"800\" height=\"266\" src=\"https:\/\/www.softwareag.com\/app\/uploads\/2025\/10\/SV98_ImZeichenDerLilie_Logo_Quer_RGB_small.jpg\" alt=\"im seichen der liile\" class=\"wp-image-3361\" srcset=\"https:\/\/www.softwareag.com\/app\/uploads\/2025\/10\/SV98_ImZeichenDerLilie_Logo_Quer_RGB_small.jpg 800w, https:\/\/www.softwareag.com\/app\/uploads\/2025\/10\/SV98_ImZeichenDerLilie_Logo_Quer_RGB_small-300x100.jpg 300w, https:\/\/www.softwareag.com\/app\/uploads\/2025\/10\/SV98_ImZeichenDerLilie_Logo_Quer_RGB_small-768x255.jpg 768w, https:\/\/www.softwareag.com\/app\/uploads\/2025\/10\/SV98_ImZeichenDerLilie_Logo_Quer_RGB_small-18x6.jpg 18w\" sizes=\"auto, (max-width: 800px) 100vw, 800px\" \/><\/figure>\n\n\n\n<div class=\"wp-block-columns is-layout-flex wp-container-core-columns-is-layout-28f84493 wp-block-columns-is-layout-flex\">\n<div class=\"wp-block-column is-layout-flow wp-block-column-is-layout-flow\">\n<figure class=\"wp-block-image size-full\"><img loading=\"lazy\" decoding=\"async\" width=\"1045\" height=\"784\" src=\"https:\/\/www.softwareag.com\/app\/uploads\/2025\/10\/IZDL2020_SV98_Medium.jpg\" alt=\"Make-a-Wish success\" class=\"wp-image-3362\" srcset=\"https:\/\/www.softwareag.com\/app\/uploads\/2025\/10\/IZDL2020_SV98_Medium.jpg 1045w, https:\/\/www.softwareag.com\/app\/uploads\/2025\/10\/IZDL2020_SV98_Medium-300x225.jpg 300w, https:\/\/www.softwareag.com\/app\/uploads\/2025\/10\/IZDL2020_SV98_Medium-1024x768.jpg 1024w, https:\/\/www.softwareag.com\/app\/uploads\/2025\/10\/IZDL2020_SV98_Medium-768x576.jpg 768w, https:\/\/www.softwareag.com\/app\/uploads\/2025\/10\/IZDL2020_SV98_Medium-16x12.jpg 16w\" sizes=\"auto, (max-width: 1045px) 100vw, 1045px\" \/><\/figure>\n<\/div>\n\n\n\n<div class=\"wp-block-column is-layout-flow wp-block-column-is-layout-flow\">\n<h4 class=\"wp-block-heading\">W\u00fcnsch Dir Was \u200b \u2013 make a Wish!<\/h4>\n\n\n\n<p>Jedes \u200bJahr erf\u00fcllen Mitarbeitende der Software AG den Bewohnerinnen und Bewohnern der Kurt-Jahn-Anlage in Darmstadt einen Weihnachtswunsch. Sanjay Brahmawar (Vorstandsvorsitzender der Software AG) und Profispieler des SV Darmstadt 98 \u00fcberreichen gemeinsam die Geschenke an die Bewohnerinnen und Bewohner.<\/p>\n<\/div>\n<\/div>\n\n\n\n<div class=\"wp-block-columns is-layout-flex wp-container-core-columns-is-layout-28f84493 wp-block-columns-is-layout-flex\">\n<div class=\"wp-block-column is-layout-flow wp-block-column-is-layout-flow\">\n<h4 class=\"wp-block-heading\">Verantwortungsvoll handeln<\/h4>\n\n\n\n<p>Nachhaltigkeit und verantwortungsvolles Handeln sind keine Nebensache. Sie sind Leitprinzipien und zentraler Bestandteil der Software AG-Mission. Kulturelle Vielfalt und Mitarbeitende, denen Menschen und Fortschritt am Herzen liegen, darauf setzen wir \u2013 jetzt und in Zukunft.<\/p>\n\n\n\n<div class=\"wp-block-buttons is-layout-flex wp-block-buttons-is-layout-flex\">\n<div class=\"wp-block-button\"><a class=\"wp-block-button__link wp-element-button\" href=\"https:\/\/www.softwareag.com\/de_de\/company\/csr.html\"><strong>Mehr erfahren<\/strong><\/a><\/div>\n<\/div>\n<\/div>\n\n\n\n<div class=\"wp-block-column is-layout-flow wp-block-column-is-layout-flow\">\n<figure class=\"wp-block-image size-full\"><img loading=\"lazy\" decoding=\"async\" width=\"700\" height=\"525\" src=\"https:\/\/www.softwareag.com\/app\/uploads\/2025\/10\/iStock-1095609074_Medium_Medium.jpg\" alt=\"very curvy road\" class=\"wp-image-3363\" srcset=\"https:\/\/www.softwareag.com\/app\/uploads\/2025\/10\/iStock-1095609074_Medium_Medium.jpg 700w, https:\/\/www.softwareag.com\/app\/uploads\/2025\/10\/iStock-1095609074_Medium_Medium-300x225.jpg 300w, https:\/\/www.softwareag.com\/app\/uploads\/2025\/10\/iStock-1095609074_Medium_Medium-16x12.jpg 16w\" sizes=\"auto, (max-width: 700px) 100vw, 700px\" \/><\/figure>\n<\/div>\n<\/div>\n\n\n\n<div style=\"height:100px\" aria-hidden=\"true\" class=\"wp-block-spacer\"><\/div>\n","protected":false},"excerpt":{"rendered":"<p>Wir bleiben #DA Vom Hauptsponsor zum Premium- und Digitalpartner 15 Jahre lang haben wir nun den SV Darmstadt 98 als Hauptsponsor und best\u00e4ndiger sowie verl\u00e4sslicher Partner [&hellip;]<\/p>\n","protected":false},"author":9,"featured_media":0,"parent":0,"menu_order":0,"comment_status":"closed","ping_status":"closed","template":"","meta":{"_acf_changed":false,"footnotes":""},"class_list":["post-3318","page","type-page","status-publish","hentry"],"acf":[],"yoast_head":"<!-- This site is optimized with the Yoast SEO Premium plugin v27.2 (Yoast SEO v27.2) - https:\/\/yoast.com\/product\/yoast-seo-premium-wordpress\/ -->\n<title>SV Darmstadt 98 | Software AG<\/title>\n<meta name=\"description\" content=\"Explore the enduring partnership with SV Darmstadt 98 as we continue to support their journey and digital transformation.\" \/>\n<meta name=\"robots\" content=\"index, follow, max-snippet:-1, max-image-preview:large, max-video-preview:-1\" \/>\n<link rel=\"canonical\" href=\"https:\/\/www.softwareag.com\/en\/lilien\/\" \/>\n<meta property=\"og:locale\" content=\"en_US\" \/>\n<meta property=\"og:type\" content=\"article\" \/>\n<meta property=\"og:title\" content=\"SV Darmstadt 98\" \/>\n<meta property=\"og:description\" content=\"Explore the enduring partnership with SV Darmstadt 98 as we continue to support their journey and digital transformation.\" \/>\n<meta property=\"og:url\" content=\"https:\/\/www.softwareag.com\/en\/lilien\/\" \/>\n<meta property=\"og:site_name\" content=\"Software AG\" \/>\n<meta property=\"article:publisher\" content=\"https:\/\/www.facebook.com\/SoftwareAG\" \/>\n<meta property=\"article:modified_time\" content=\"2026-04-15T17:07:15+00:00\" \/>\n<meta property=\"og:image\" content=\"https:\/\/www.softwareag.com\/app\/uploads\/2025\/10\/SVD1-1024x683.png\" \/>\n\t<meta property=\"og:image:width\" content=\"1024\" \/>\n\t<meta property=\"og:image:height\" content=\"683\" \/>\n\t<meta property=\"og:image:type\" content=\"image\/png\" \/>\n<meta name=\"twitter:card\" content=\"summary_large_image\" \/>\n<meta name=\"twitter:site\" content=\"@softwareag\" \/>\n<meta name=\"twitter:label1\" content=\"Est. reading time\" \/>\n\t<meta name=\"twitter:data1\" content=\"10 minutes\" \/>\n<script type=\"application\/ld+json\" class=\"yoast-schema-graph\">{\"@context\":\"https:\/\/schema.org\",\"@graph\":[{\"@type\":\"WebPage\",\"@id\":\"https:\/\/www.softwareag.com\/lilien\/\",\"url\":\"https:\/\/www.softwareag.com\/lilien\/\",\"name\":\"SV Darmstadt 98 | Software AG\",\"isPartOf\":{\"@id\":\"https:\/\/www.softwareag.com\/en\/#website\"},\"primaryImageOfPage\":{\"@id\":\"https:\/\/www.softwareag.com\/lilien\/#primaryimage\"},\"image\":{\"@id\":\"https:\/\/www.softwareag.com\/lilien\/#primaryimage\"},\"thumbnailUrl\":\"https:\/\/www.softwareag.com\/app\/uploads\/2025\/10\/SVD1.png\",\"datePublished\":\"2025-10-23T12:50:48+00:00\",\"dateModified\":\"2026-04-15T17:07:15+00:00\",\"description\":\"Explore the enduring partnership with SV Darmstadt 98 as we continue to support their journey and digital transformation.\",\"breadcrumb\":{\"@id\":\"https:\/\/www.softwareag.com\/lilien\/#breadcrumb\"},\"inLanguage\":\"en-US\",\"potentialAction\":[{\"@type\":\"ReadAction\",\"target\":[\"https:\/\/www.softwareag.com\/lilien\/\"]}]},{\"@type\":\"ImageObject\",\"inLanguage\":\"en-US\",\"@id\":\"https:\/\/www.softwareag.com\/lilien\/#primaryimage\",\"url\":\"https:\/\/www.softwareag.com\/app\/uploads\/2025\/10\/SVD1.png\",\"contentUrl\":\"https:\/\/www.softwareag.com\/app\/uploads\/2025\/10\/SVD1.png\"},{\"@type\":\"BreadcrumbList\",\"@id\":\"https:\/\/www.softwareag.com\/lilien\/#breadcrumb\",\"itemListElement\":[{\"@type\":\"ListItem\",\"position\":1,\"name\":\"Home\",\"item\":\"https:\/\/www.softwareag.com\/de\/\"},{\"@type\":\"ListItem\",\"position\":2,\"name\":\"SV Darmstadt 98\"}]},{\"@type\":\"WebSite\",\"@id\":\"https:\/\/www.softwareag.com\/en\/#website\",\"url\":\"https:\/\/www.softwareag.com\/en\/\",\"name\":\"Software AG\",\"description\":\"Software AG&#039;s digital transformation solutions &amp; services\",\"publisher\":{\"@id\":\"https:\/\/www.softwareag.com\/en\/#organization\"},\"alternateName\":\"SAG\",\"potentialAction\":[{\"@type\":\"SearchAction\",\"target\":{\"@type\":\"EntryPoint\",\"urlTemplate\":\"https:\/\/www.softwareag.com\/en\/?s={search_term_string}\"},\"query-input\":{\"@type\":\"PropertyValueSpecification\",\"valueRequired\":true,\"valueName\":\"search_term_string\"}}],\"inLanguage\":\"en-US\"},{\"@type\":\"Organization\",\"@id\":\"https:\/\/www.softwareag.com\/en\/#organization\",\"name\":\"Software AG\",\"alternateName\":\"SAG\",\"url\":\"https:\/\/www.softwareag.com\/en\/\",\"logo\":{\"@type\":\"ImageObject\",\"inLanguage\":\"en-US\",\"@id\":\"https:\/\/www.softwareag.com\/en\/#\/schema\/logo\/image\/\",\"url\":\"https:\/\/www.softwareag.com\/app\/uploads\/2025\/09\/software-gmbh-dark-logo-bg_Small.jpeg\",\"contentUrl\":\"https:\/\/www.softwareag.com\/app\/uploads\/2025\/09\/software-gmbh-dark-logo-bg_Small.jpeg\",\"width\":800,\"height\":450,\"caption\":\"Software AG\"},\"image\":{\"@id\":\"https:\/\/www.softwareag.com\/en\/#\/schema\/logo\/image\/\"},\"sameAs\":[\"https:\/\/www.facebook.com\/SoftwareAG\",\"https:\/\/x.com\/softwareag\",\"https:\/\/www.linkedin.com\/company\/software-ag\",\"https:\/\/www.youtube.com\/user\/SOFTWAREAG\"],\"description\":\"Software AG is a global enterprise software company dedicated to facilitating digital transformation for large-scale organizations. They specialize in modernizing legacy infrastructure, optimizing mainframe operations, and enabling seamless data integration across hybrid environments.\",\"numberOfEmployees\":{\"@type\":\"QuantitativeValue\",\"minValue\":\"501\",\"maxValue\":\"1000\"}}]}<\/script>\n<!-- \/ Yoast SEO Premium plugin. -->","yoast_head_json":{"title":"SV Darmstadt 98 | Software AG","description":"Explore the enduring partnership with SV Darmstadt 98 as we continue to support their journey and digital transformation.","robots":{"index":"index","follow":"follow","max-snippet":"max-snippet:-1","max-image-preview":"max-image-preview:large","max-video-preview":"max-video-preview:-1"},"canonical":"https:\/\/www.softwareag.com\/en\/lilien\/","og_locale":"en_US","og_type":"article","og_title":"SV Darmstadt 98","og_description":"Explore the enduring partnership with SV Darmstadt 98 as we continue to support their journey and digital transformation.","og_url":"https:\/\/www.softwareag.com\/en\/lilien\/","og_site_name":"Software AG","article_publisher":"https:\/\/www.facebook.com\/SoftwareAG","article_modified_time":"2026-04-15T17:07:15+00:00","og_image":[{"width":1024,"height":683,"url":"https:\/\/www.softwareag.com\/app\/uploads\/2025\/10\/SVD1-1024x683.png","type":"image\/png"}],"twitter_card":"summary_large_image","twitter_site":"@softwareag","twitter_misc":{"Est. reading time":"10 minutes"},"schema":{"@context":"https:\/\/schema.org","@graph":[{"@type":"WebPage","@id":"https:\/\/www.softwareag.com\/lilien\/","url":"https:\/\/www.softwareag.com\/lilien\/","name":"SV Darmstadt 98 | Software AG","isPartOf":{"@id":"https:\/\/www.softwareag.com\/en\/#website"},"primaryImageOfPage":{"@id":"https:\/\/www.softwareag.com\/lilien\/#primaryimage"},"image":{"@id":"https:\/\/www.softwareag.com\/lilien\/#primaryimage"},"thumbnailUrl":"https:\/\/www.softwareag.com\/app\/uploads\/2025\/10\/SVD1.png","datePublished":"2025-10-23T12:50:48+00:00","dateModified":"2026-04-15T17:07:15+00:00","description":"Explore the enduring partnership with SV Darmstadt 98 as we continue to support their journey and digital transformation.","breadcrumb":{"@id":"https:\/\/www.softwareag.com\/lilien\/#breadcrumb"},"inLanguage":"en-US","potentialAction":[{"@type":"ReadAction","target":["https:\/\/www.softwareag.com\/lilien\/"]}]},{"@type":"ImageObject","inLanguage":"en-US","@id":"https:\/\/www.softwareag.com\/lilien\/#primaryimage","url":"https:\/\/www.softwareag.com\/app\/uploads\/2025\/10\/SVD1.png","contentUrl":"https:\/\/www.softwareag.com\/app\/uploads\/2025\/10\/SVD1.png"},{"@type":"BreadcrumbList","@id":"https:\/\/www.softwareag.com\/lilien\/#breadcrumb","itemListElement":[{"@type":"ListItem","position":1,"name":"Home","item":"https:\/\/www.softwareag.com\/de\/"},{"@type":"ListItem","position":2,"name":"SV Darmstadt 98"}]},{"@type":"WebSite","@id":"https:\/\/www.softwareag.com\/en\/#website","url":"https:\/\/www.softwareag.com\/en\/","name":"Software AG","description":"Software AG&#039;s digital transformation solutions &amp; services","publisher":{"@id":"https:\/\/www.softwareag.com\/en\/#organization"},"alternateName":"SAG","potentialAction":[{"@type":"SearchAction","target":{"@type":"EntryPoint","urlTemplate":"https:\/\/www.softwareag.com\/en\/?s={search_term_string}"},"query-input":{"@type":"PropertyValueSpecification","valueRequired":true,"valueName":"search_term_string"}}],"inLanguage":"en-US"},{"@type":"Organization","@id":"https:\/\/www.softwareag.com\/en\/#organization","name":"Software AG","alternateName":"SAG","url":"https:\/\/www.softwareag.com\/en\/","logo":{"@type":"ImageObject","inLanguage":"en-US","@id":"https:\/\/www.softwareag.com\/en\/#\/schema\/logo\/image\/","url":"https:\/\/www.softwareag.com\/app\/uploads\/2025\/09\/software-gmbh-dark-logo-bg_Small.jpeg","contentUrl":"https:\/\/www.softwareag.com\/app\/uploads\/2025\/09\/software-gmbh-dark-logo-bg_Small.jpeg","width":800,"height":450,"caption":"Software AG"},"image":{"@id":"https:\/\/www.softwareag.com\/en\/#\/schema\/logo\/image\/"},"sameAs":["https:\/\/www.facebook.com\/SoftwareAG","https:\/\/x.com\/softwareag","https:\/\/www.linkedin.com\/company\/software-ag","https:\/\/www.youtube.com\/user\/SOFTWAREAG"],"description":"Software AG is a global enterprise software company dedicated to facilitating digital transformation for large-scale organizations. They specialize in modernizing legacy infrastructure, optimizing mainframe operations, and enabling seamless data integration across hybrid environments.","numberOfEmployees":{"@type":"QuantitativeValue","minValue":"501","maxValue":"1000"}}]}},"jetpack_sharing_enabled":true,"jetpack-related-posts":[],"_links":{"self":[{"href":"https:\/\/www.softwareag.com\/en\/wp-json\/wp\/v2\/pages\/3318","targetHints":{"allow":["GET"]}}],"collection":[{"href":"https:\/\/www.softwareag.com\/en\/wp-json\/wp\/v2\/pages"}],"about":[{"href":"https:\/\/www.softwareag.com\/en\/wp-json\/wp\/v2\/types\/page"}],"author":[{"embeddable":true,"href":"https:\/\/www.softwareag.com\/en\/wp-json\/wp\/v2\/users\/9"}],"replies":[{"embeddable":true,"href":"https:\/\/www.softwareag.com\/en\/wp-json\/wp\/v2\/comments?post=3318"}],"version-history":[{"count":31,"href":"https:\/\/www.softwareag.com\/en\/wp-json\/wp\/v2\/pages\/3318\/revisions"}],"predecessor-version":[{"id":6937,"href":"https:\/\/www.softwareag.com\/en\/wp-json\/wp\/v2\/pages\/3318\/revisions\/6937"}],"wp:attachment":[{"href":"https:\/\/www.softwareag.com\/en\/wp-json\/wp\/v2\/media?parent=3318"}],"curies":[{"name":"wp","href":"https:\/\/api.w.org\/{rel}","templated":true}]}}